{"id":1505,"date":"2016-05-22T19:48:56","date_gmt":"2016-05-22T17:48:56","guid":{"rendered":"http:\/\/www.emslandkicker.de\/?page_id=1505"},"modified":"2017-06-17T18:29:58","modified_gmt":"2017-06-17T16:29:58","slug":"vorschau-ligen-2016-17","status":"publish","type":"page","link":"http:\/\/www.emslandkicker.de\/?page_id=1505","title":{"rendered":"Vorschau Ligen 2017-18"},"content":{"rendered":"<div class=\"pdfprnt-buttons pdfprnt-buttons-page pdfprnt-top-right\"><a href=\"http:\/\/www.emslandkicker.de\/index.php?rest_route=%2Fwp%2Fv2%2Fpages%2F1505&print=pdf\" class=\"pdfprnt-button pdfprnt-button-pdf\" target=\"_blank\"><img decoding=\"async\" src=\"https:\/\/i0.wp.com\/www.emslandkicker.de\/wp-content\/plugins\/pdf-print\/images\/pdf.png?w=610\" alt=\"image_pdf\" title=\"View PDF\" data-recalc-dims=\"1\" \/><\/a><a href=\"http:\/\/www.emslandkicker.de\/index.php?rest_route=%2Fwp%2Fv2%2Fpages%2F1505&print=print\" class=\"pdfprnt-button pdfprnt-button-print\" target=\"_blank\"><img decoding=\"async\" src=\"https:\/\/i0.wp.com\/www.emslandkicker.de\/wp-content\/plugins\/pdf-print\/images\/print.png?w=610\" alt=\"image_print\" title=\"Print Content\" data-recalc-dims=\"1\" \/><\/a><\/div><p><strong>Stand:<\/strong> 01.06.2017<\/p>\n<div class=\"wpcmsdev-tabs\">\n<div class=\"tab\">\n<h3 class=\"tab-title\" data-tab-id=\"bl-2017-18\">BL 2017-18<\/h3>\n<div id=\"tab-bl-2017-18\" class=\"tab-content\">\n<p><a href=\"http:\/\/www.emslandkicker.de\/?page_id=1491\">Relegation<\/a><\/p>\n<table cellspacing=\"4\" cellpadding=\"4\">\n<tbody>\n<tr>\n<td align=\"right\" bgcolor=\"#C4D79B\" width=\"20\">1<\/td>\n<td bgcolor=\"#C4D79B\" width=\"192\">Bayern M\u00fcnchen (M)<\/td>\n<\/tr>\n<tr>\n<td align=\"right\" bgcolor=\"#D8E4BC\">2<\/td>\n<td bgcolor=\"#D8E4BC\">Borussia Dortmund (P)<\/td>\n<\/tr>\n<tr>\n<td align=\"right\" bgcolor=\"#D8E4BC\">3<\/td>\n<td bgcolor=\"#D8E4BC\">Bayer 04 Leverkusen<\/td>\n<\/tr>\n<tr>\n<td align=\"right\" bgcolor=\"#EBF1DE\">4<\/td>\n<td bgcolor=\"#EBF1DE\">Borussia M\u00f6nchengladbach<\/td>\n<\/tr>\n<tr>\n<td align=\"right\" bgcolor=\"#DAEEF3\">5<\/td>\n<td bgcolor=\"#DAEEF3\">FC Schalke 04<\/td>\n<\/tr>\n<tr>\n<td align=\"right\" bgcolor=\"#DAEEF3\">6<\/td>\n<td bgcolor=\"#DAEEF3\">FSV Mainz 05<\/td>\n<\/tr>\n<tr>\n<td align=\"right\">7<\/td>\n<td>Hertha BSC<\/td>\n<\/tr>\n<tr>\n<td align=\"right\">8<\/td>\n<td>VfL Wolfsburg<\/td>\n<\/tr>\n<tr>\n<td align=\"right\">9<\/td>\n<td>1.FC K\u00f6ln<\/td>\n<\/tr>\n<tr>\n<td align=\"right\">10<\/td>\n<td>Hamburger SV<\/td>\n<\/tr>\n<tr>\n<td align=\"right\">11<\/td>\n<td>VfB Stuttgart (N)<\/td>\n<\/tr>\n<tr>\n<td align=\"right\">12<\/td>\n<td>FC Augsburg<\/td>\n<\/tr>\n<tr>\n<td align=\"right\">13<\/td>\n<td>Werder Bremen<\/td>\n<\/tr>\n<tr>\n<td align=\"right\">14<\/td>\n<td>Hannover 96 (N)<\/td>\n<\/tr>\n<tr>\n<td align=\"right\">15<\/td>\n<td>TSG Hoffenheim<\/td>\n<\/tr>\n<tr>\n<td align=\"right\" bgcolor=\"#E6B8B7\">16<\/td>\n<td bgcolor=\"#E6B8B7\">Eintracht Frankfurt<\/td>\n<\/tr>\n<tr>\n<td align=\"right\" bgcolor=\"#DA9694\">17<\/td>\n<td bgcolor=\"#DA9694\">FC Freiburg<\/td>\n<\/tr>\n<tr>\n<td align=\"right\" bgcolor=\"#DA9694\">18<\/td>\n<td bgcolor=\"#DA9694\">Rasen Ballsport Leipzig<\/td>\n<\/tr>\n<\/tbody>\n<\/table>\n<\/div>\n<\/div>\n<div class=\"tab\">\n<h3 class=\"tab-title\" data-tab-id=\"2-bl-2017-18\">2. BL 2017-18<\/h3>\n<div id=\"tab-2-bl-2017-18\" class=\"tab-content\">\n<p><a href=\"http:\/\/www.emslandkicker.de\/?page_id=1491\">Relegation<\/a><\/p>\n<table cellspacing=\"4\" cellpadding=\"4\">\n<tbody>\n<tr>\n<td align=\"right\" bgcolor=\"#C4D79B\">1<\/td>\n<td bgcolor=\"#C4D79B\">FC Ingolstadt (A)<\/td>\n<\/tr>\n<tr>\n<td align=\"right\" bgcolor=\"#C4D79B\">2<\/td>\n<td bgcolor=\"#C4D79B\">SV Darmstat 98 (A)<\/td>\n<\/tr>\n<tr>\n<td align=\"right\" bgcolor=\"#EBF1DE\">3<\/td>\n<td bgcolor=\"#EBF1DE\">1. FC N\u00fcrnberg<\/td>\n<\/tr>\n<tr>\n<td align=\"right\">4<\/td>\n<td>FC St. Pauli<\/td>\n<\/tr>\n<tr>\n<td align=\"right\">5<\/td>\n<td>VfL Bochum<\/td>\n<\/tr>\n<tr>\n<td align=\"right\">6<\/td>\n<td>1. FC Union Berlin<\/td>\n<\/tr>\n<tr>\n<td align=\"right\">7<\/td>\n<td>KSV Holstein Kiel (N)<\/td>\n<\/tr>\n<tr>\n<td align=\"right\">8<\/td>\n<td>Eintracht Braunschweig<\/td>\n<\/tr>\n<tr>\n<td align=\"right\">9<\/td>\n<td>SpVgg Greuther F\u00fcrth<\/td>\n<\/tr>\n<tr>\n<td align=\"right\">10<\/td>\n<td>1. FC Kaiserslautern<\/td>\n<\/tr>\n<tr>\n<td align=\"right\">11<\/td>\n<td>1. FC Heidenheim<\/td>\n<\/tr>\n<tr>\n<td align=\"right\">12<\/td>\n<td>Arminia Bielefeld<\/td>\n<\/tr>\n<tr>\n<td align=\"right\">13<\/td>\n<td>SV Sandhausen<\/td>\n<\/tr>\n<tr>\n<td align=\"right\">14<\/td>\n<td>Fortuna D\u00fcsseldorf<\/td>\n<\/tr>\n<tr>\n<td align=\"right\">15<\/td>\n<td>SSV Jahn Regensburg (N)<\/td>\n<\/tr>\n<tr>\n<td align=\"right\" bgcolor=\"#E6B8B7\">16<\/td>\n<td bgcolor=\"#E6B8B7\">MSV Duisburg (N)<\/td>\n<\/tr>\n<tr>\n<td align=\"right\" bgcolor=\"#DA9694\">17<\/td>\n<td bgcolor=\"#DA9694\">Dynamo Dresden<\/td>\n<\/tr>\n<tr>\n<td align=\"right\" bgcolor=\"#DA9694\">18<\/td>\n<td bgcolor=\"#DA9694\">Erzgebirge Aue<\/td>\n<\/tr>\n<\/tbody>\n<\/table>\n<\/div>\n<\/div>\n<div class=\"tab\">\n<h3 class=\"tab-title\" data-tab-id=\"3-bl-2017-18\">3. BL 2017-18<\/h3>\n<div id=\"tab-3-bl-2017-18\" class=\"tab-content\">\n<p><a href=\"http:\/\/www.emslandkicker.de\/?page_id=1491\">Relegation<\/a><\/p>\n<table cellspacing=\"4\" cellpadding=\"4\">\n<tbody>\n<tr>\n<td align=\"right\" bgcolor=\"#C4D79B\">1<\/td>\n<td bgcolor=\"#C4D79B\">1860 M\u00fcnchen (A)<\/td>\n<\/tr>\n<tr>\n<td align=\"right\" bgcolor=\"#C4D79B\">2<\/td>\n<td align=\"left\" bgcolor=\"#C4D79B\">Kickers W\u00fcrzburg (A)<\/td>\n<\/tr>\n<tr>\n<td align=\"right\" bgcolor=\"#EBF1DE\">3<\/td>\n<td align=\"left\" bgcolor=\"#EBF1DE\">Karlsruhr SC (A)<\/td>\n<\/tr>\n<tr>\n<td align=\"right\">4<\/td>\n<td align=\"left\">1. FC Magdeburg<\/td>\n<\/tr>\n<tr>\n<td align=\"right\">5<\/td>\n<td align=\"left\"><strong>VfL Osnabr\u00fcck<\/strong><\/td>\n<\/tr>\n<tr>\n<td align=\"right\">6<\/td>\n<td align=\"left\">SG Sonnenhof Gro\u00dfaspach<\/td>\n<\/tr>\n<tr>\n<td align=\"right\">7<\/td>\n<td align=\"left\">Chemnitzer FC<\/td>\n<\/tr>\n<tr>\n<td align=\"right\">8<\/td>\n<td align=\"left\">Rot-Weiss Erfurt<\/td>\n<\/tr>\n<tr>\n<td align=\"right\">9<\/td>\n<td align=\"left\">Preussen M\u00fcnster<\/td>\n<\/tr>\n<tr>\n<td align=\"right\">10<\/td>\n<td align=\"left\">Hansa Rostock<\/td>\n<\/tr>\n<tr>\n<td align=\"right\">11<\/td>\n<td align=\"left\">Fortuna K\u00f6ln<\/td>\n<\/tr>\n<tr>\n<td align=\"right\">12<\/td>\n<td align=\"left\">FC Carl Zeiss Jena (N)<\/td>\n<\/tr>\n<tr>\n<td align=\"right\">13<\/td>\n<td align=\"left\">Hallescher FC<\/td>\n<\/tr>\n<tr>\n<td align=\"right\">14<\/td>\n<td align=\"left\">SV Meppen (N)<\/td>\n<\/tr>\n<tr>\n<td align=\"right\">15<\/td>\n<td align=\"left\">VfR Aalen<\/td>\n<\/tr>\n<tr>\n<td align=\"right\">16<\/td>\n<td align=\"left\">Spvgg. Unterhaching (N)<\/td>\n<\/tr>\n<tr>\n<td align=\"right\">17<\/td>\n<td align=\"left\">SV Wehen<\/td>\n<\/tr>\n<tr>\n<td align=\"right\" bgcolor=\"#DA9694\">18<\/td>\n<td bgcolor=\"#DA9694\">Jahn Regensburg (N)<\/td>\n<\/tr>\n<tr>\n<td align=\"right\" bgcolor=\"#DA9694\">19<\/td>\n<td bgcolor=\"#DA9694\">SF Lotte<\/td>\n<\/tr>\n<tr>\n<td align=\"right\" bgcolor=\"#DA9694\">20<\/td>\n<td bgcolor=\"#DA9694\">FSV Zwickau<\/td>\n<\/tr>\n<\/tbody>\n<\/table>\n<\/div>\n<\/div>\n<div class=\"tab\">\n<h3 class=\"tab-title\" data-tab-id=\"regionalliga-2017-18\">Regionalliga 2017-18<\/h3>\n<div id=\"tab-regionalliga-2017-18\" class=\"tab-content\">\n<p><a href=\"http:\/\/www.emslandkicker.de\/?page_id=1491\">Relegation<\/a><\/p>\n<table cellspacing=\"4\" cellpadding=\"4\">\n<tbody>\n<tr>\n<td align=\"right\" bgcolor=\"#EBF1DE\">1<\/td>\n<td bgcolor=\"#EBF1DE\">VfL Wolfsburg II<\/td>\n<\/tr>\n<tr>\n<td align=\"right\">2<\/td>\n<td align=\"left\">VfB Oldenburg<\/td>\n<\/tr>\n<tr>\n<td align=\"right\">3<\/td>\n<td align=\"left\">ETSV Weiche<\/td>\n<\/tr>\n<tr>\n<td align=\"right\">4<\/td>\n<td align=\"left\">SpVgg Drochtersen-Assel<\/td>\n<\/tr>\n<tr>\n<td align=\"right\">5<\/td>\n<td align=\"left\">Altona 93 (N)<\/td>\n<\/tr>\n<tr>\n<td align=\"right\">6<\/td>\n<td align=\"left\">TSV Havelse<\/td>\n<\/tr>\n<tr>\n<td align=\"right\">7<\/td>\n<td align=\"left\">Eintracht Braunschweig II<\/td>\n<\/tr>\n<tr>\n<td align=\"right\">8<\/td>\n<td align=\"left\">Eintracht Norderstedt<\/td>\n<\/tr>\n<tr>\n<td align=\"right\">9<\/td>\n<td align=\"left\">Hannover 96 II<\/td>\n<\/tr>\n<tr>\n<td align=\"right\">10<\/td>\n<td align=\"left\">VfB L\u00fcbeck<\/td>\n<\/tr>\n<tr>\n<td align=\"right\">11<\/td>\n<td align=\"left\">SSV Jedeloh (N)<\/td>\n<\/tr>\n<tr>\n<td align=\"right\">12<\/td>\n<td align=\"left\">VfV Borussia Hildesheim<\/td>\n<\/tr>\n<tr>\n<td align=\"right\">13<\/td>\n<td align=\"left\">Hamburger SV II<\/td>\n<\/tr>\n<tr>\n<td align=\"right\">14<\/td>\n<td align=\"left\">FC St. Pauli II<\/td>\n<\/tr>\n<tr>\n<td align=\"right\">15<\/td>\n<td align=\"left\">L\u00fcneburger SK Hansa<\/td>\n<\/tr>\n<tr>\n<td align=\"right\" bgcolor=\"#DA9694\">16<\/td>\n<td bgcolor=\"#DA9694\">Eutin 08 (N)<\/td>\n<\/tr>\n<tr>\n<td align=\"right\" bgcolor=\"#DA9694\">17<\/td>\n<td bgcolor=\"#DA9694\">1.FC Germania Egestorf-Langreder<\/td>\n<\/tr>\n<tr>\n<td align=\"right\" bgcolor=\"#DA9694\">18<\/td>\n<td bgcolor=\"#DA9694\">\u00a0SV SW Rehden<\/td>\n<\/tr>\n<\/tbody>\n<\/table>\n<\/div>\n<\/div>\n<div class=\"tab\">\n<h3 class=\"tab-title\" data-tab-id=\"ol-nds-2016-17\">OL Nds. 2016-17<\/h3>\n<div id=\"tab-ol-nds-2016-17\" class=\"tab-content\">\n<table cellspacing=\"4\" cellpadding=\"4\">\n<tbody>\n<tr>\n<td align=\"right\" bgcolor=\"#C4D79B\">1<\/td>\n<td bgcolor=\"#C4D79B\">BV Cloppenburg<\/td>\n<\/tr>\n<tr>\n<td align=\"right\" bgcolor=\"#EBF1DE\">2<\/td>\n<td bgcolor=\"#EBF1DE\">Heeslinger SC<\/td>\n<\/tr>\n<tr>\n<td align=\"right\">3<\/td>\n<td align=\"left\">U.L.M: Wolfsburg (A)<\/td>\n<\/tr>\n<tr>\n<td align=\"right\">4<\/td>\n<td align=\"left\">FC Eintracht Northeim<\/td>\n<\/tr>\n<tr>\n<td align=\"right\">5<\/td>\n<td align=\"left\">SC Spelle-Venhaus<\/td>\n<\/tr>\n<tr>\n<td align=\"right\">6<\/td>\n<td align=\"left\">SVG G\u00f6ttingen<\/td>\n<\/tr>\n<tr>\n<td align=\"right\">7<\/td>\n<td align=\"left\">FT Braunschweig<\/td>\n<\/tr>\n<tr>\n<td align=\"right\">8<\/td>\n<td align=\"left\">SSV Vorsfelde (N)<\/td>\n<\/tr>\n<tr>\n<td align=\"right\">9<\/td>\n<td align=\"left\">VfL Oldenburg<\/td>\n<\/tr>\n<tr>\n<td align=\"right\">10<\/td>\n<td align=\"left\">Arminia Hannover<\/td>\n<\/tr>\n<tr>\n<td align=\"right\">11<\/td>\n<td align=\"left\">TB Uphusen<\/td>\n<\/tr>\n<tr>\n<td align=\"right\">12<\/td>\n<td align=\"left\">1. FC Wunstorf<\/td>\n<\/tr>\n<tr>\n<td align=\"right\" bgcolor=\"#DA9694\">13<\/td>\n<td bgcolor=\"#DA9694\">TuS Sulingen (N)<\/td>\n<\/tr>\n<tr>\n<td align=\"right\" bgcolor=\"#DA9694\">14<\/td>\n<td bgcolor=\"#DA9694\">Atlas Delmenhorst (N)<\/td>\n<\/tr>\n<tr>\n<td align=\"right\" bgcolor=\"#DA9694\">15<\/td>\n<td bgcolor=\"#DA9694\">MTV Eintracht Celle (N)<\/td>\n<\/tr>\n<tr>\n<td align=\"right\" bgcolor=\"#DA9694\">16<\/td>\n<td bgcolor=\"#DA9694\">MTV Gifhorn<\/td>\n<\/tr>\n<\/tbody>\n<\/table>\n<\/div>\n<\/div>\n<div class=\"tab\">\n<h3 class=\"tab-title\" data-tab-id=\"ll-weser-e-2016-17\">LL Weser\/E. 2016-17<\/h3>\n<div id=\"tab-ll-weser-e-2016-17\" class=\"tab-content\">\n<table cellspacing=\"4\" cellpadding=\"4\">\n<tbody>\n<tr>\n<td align=\"right\">1<\/td>\n<td align=\"left\">TSV Oldenburg<\/td>\n<\/tr>\n<tr>\n<td align=\"right\">2<\/td>\n<td align=\"left\">Vorw. Nordhorn<\/td>\n<\/tr>\n<tr>\n<td align=\"right\">3<\/td>\n<td align=\"left\">BSV Kickers Emden<\/td>\n<\/tr>\n<tr>\n<td align=\"right\">4<\/td>\n<td align=\"left\">SV Bad Rothenfelde<\/td>\n<\/tr>\n<tr>\n<td align=\"right\">5<\/td>\n<td align=\"left\">VfL Oythe<\/td>\n<\/tr>\n<tr>\n<td align=\"right\">6<\/td>\n<td align=\"left\">SC Melle 03<\/td>\n<\/tr>\n<tr>\n<td align=\"right\">7<\/td>\n<td align=\"left\">SV Holthausen-Biene<\/td>\n<\/tr>\n<tr>\n<td align=\"right\">8<\/td>\n<td align=\"left\">TuS BW Lohne<\/td>\n<\/tr>\n<tr>\n<td align=\"right\">9<\/td>\n<td align=\"left\">SV Viktoria 08 Georgsmarienh\u00fctte (N)<\/td>\n<\/tr>\n<tr>\n<td align=\"right\">10<\/td>\n<td align=\"left\">SV Hansa Friesoythe<\/td>\n<\/tr>\n<tr>\n<td align=\"right\">11<\/td>\n<td align=\"left\">TV Dinklage<\/td>\n<\/tr>\n<tr>\n<td align=\"right\" bgcolor=\"#DA9694\">12<\/td>\n<td bgcolor=\"#DA9694\">BV Essen (N)<\/td>\n<\/tr>\n<tr>\n<td align=\"right\" bgcolor=\"#DA9694\">13<\/td>\n<td bgcolor=\"#DA9694\">Heidm\u00fchler FC (N)<\/td>\n<\/tr>\n<tr>\n<td align=\"right\" bgcolor=\"#DA9694\">14<\/td>\n<td bgcolor=\"#DA9694\">SC BW Papenburg (N)<\/td>\n<\/tr>\n<tr>\n<td align=\"right\" bgcolor=\"#DA9694\">15<\/td>\n<td bgcolor=\"#DA9694\">SV Bevern<\/td>\n<\/tr>\n<tr>\n<td align=\"right\" bgcolor=\"#DA9694\">16<\/td>\n<td bgcolor=\"#DA9694\">TuRa 07 Westrhauderfehn\u00a0(N)<\/td>\n<\/tr>\n<\/tbody>\n<\/table>\n<\/div>\n<\/div>\n<div class=\"tab\">\n<h3 class=\"tab-title\" data-tab-id=\"bl3-2016-17\">BL3 2016-17<\/h3>\n<div id=\"tab-bl3-2016-17\" class=\"tab-content\">\n<table cellspacing=\"4\" cellpadding=\"4\">\n<tbody>\n<tr>\n<td align=\"right\">1<\/td>\n<td align=\"left\">Union Lohne<\/td>\n<\/tr>\n<tr>\n<td align=\"right\">2<\/td>\n<td align=\"left\">Olympia Laxten<\/td>\n<\/tr>\n<tr>\n<td align=\"right\">3<\/td>\n<td align=\"left\">SV Langen (N)<\/td>\n<\/tr>\n<tr>\n<td align=\"right\">4<\/td>\n<td align=\"left\">FC 27 Schapen<\/td>\n<\/tr>\n<tr>\n<td align=\"right\">5<\/td>\n<td align=\"left\">BW D\u00f6rpen<\/td>\n<\/tr>\n<tr>\n<td align=\"right\">6<\/td>\n<td align=\"left\">VfL WE Nordhorn<\/td>\n<\/tr>\n<tr>\n<td align=\"right\">7<\/td>\n<td align=\"left\"><\/td>\n<\/tr>\n<tr>\n<td align=\"right\">8<\/td>\n<td align=\"left\">ASV Altenlingen<\/td>\n<\/tr>\n<tr>\n<td align=\"right\">9<\/td>\n<td align=\"left\">FC Sch\u00fcttorf<\/td>\n<\/tr>\n<tr>\n<td align=\"right\">10<\/td>\n<td align=\"left\">SV Meppen 2<\/td>\n<\/tr>\n<tr>\n<td align=\"right\">11<\/td>\n<td align=\"left\">SV Eintracht TV Nordhorn<\/td>\n<\/tr>\n<tr>\n<td align=\"right\">12<\/td>\n<td align=\"left\">SV Surwold<\/td>\n<\/tr>\n<tr>\n<td align=\"right\" bgcolor=\"#DA9694\">13<\/td>\n<td bgcolor=\"#DA9694\">\u00a0Spvgg. Brandlecht-Hestrup (N)<\/td>\n<\/tr>\n<tr>\n<td align=\"right\" bgcolor=\"#DA9694\">14<\/td>\n<td bgcolor=\"#DA9694\">SC Spelle-Venhaus 2<\/td>\n<\/tr>\n<tr>\n<td align=\"right\" bgcolor=\"#DA9694\">15<\/td>\n<td bgcolor=\"#DA9694\">TuS Gildehaus<\/td>\n<\/tr>\n<tr>\n<td align=\"right\" bgcolor=\"#DA9694\">16<\/td>\n<td bgcolor=\"#DA9694\">\u00a0VfL Herzlake (N)<\/td>\n<\/tr>\n<\/tbody>\n<\/table>\n<\/div>\n<\/div>\n<div class=\"tab\">\n<h3 class=\"tab-title\" data-tab-id=\"kl-el-2016-17\">KL EL 2016-17<\/h3>\n<div id=\"tab-kl-el-2016-17\" class=\"tab-content\">\n<table cellspacing=\"4\" cellpadding=\"4\">\n<tbody>\n<tr>\n<td align=\"right\" bgcolor=\"#C4D79B\">1<\/td>\n<td bgcolor=\"#C4D79B\">SG Freren<\/td>\n<\/tr>\n<tr>\n<td align=\"right\" bgcolor=\"#C4D79B\">2<\/td>\n<td bgcolor=\"#C4D79B\">SV Lengerich-H.<\/td>\n<\/tr>\n<tr>\n<td align=\"right\">3<\/td>\n<td>Raspo Lathten (N)<\/td>\n<\/tr>\n<tr>\n<td align=\"right\">4<\/td>\n<td>SF Schwefingen<\/td>\n<\/tr>\n<tr>\n<td align=\"right\">5<\/td>\n<td align=\"left\">Conc. Emsb\u00fcren (A)<\/td>\n<\/tr>\n<tr>\n<td align=\"right\">6<\/td>\n<td align=\"left\">VfL Emslage<\/td>\n<\/tr>\n<tr>\n<td align=\"right\">7<\/td>\n<td align=\"left\">TuS Haren<\/td>\n<\/tr>\n<tr>\n<td align=\"right\">8<\/td>\n<td align=\"left\">SuS Rhede (N)<\/td>\n<\/tr>\n<tr>\n<td align=\"right\">9<\/td>\n<td align=\"left\">SV Sparta Werlte<\/td>\n<\/tr>\n<tr>\n<td align=\"right\">10<\/td>\n<td align=\"left\">VfL Herzlake 2 (N)<\/td>\n<\/tr>\n<tr>\n<td align=\"right\">11<\/td>\n<td align=\"left\">FC Leschede (A)<\/td>\n<\/tr>\n<tr>\n<td align=\"right\">12<\/td>\n<td align=\"left\">SV Alemania Salzbergen<\/td>\n<\/tr>\n<tr>\n<td align=\"right\" bgcolor=\"#E6B8B7\">13<\/td>\n<td bgcolor=\"#E6B8B7\">ASD<\/td>\n<\/tr>\n<tr>\n<td align=\"right\" bgcolor=\"#DA9694\">14<\/td>\n<td bgcolor=\"#DA9694\">Eintr. Emmeln<\/td>\n<\/tr>\n<tr>\n<td align=\"right\" bgcolor=\"#DA9694\">15<\/td>\n<td bgcolor=\"#DA9694\">BW Lorup<\/td>\n<\/tr>\n<tr>\n<td align=\"right\" bgcolor=\"#DA9694\">16<\/td>\n<td bgcolor=\"#DA9694\">SV Listrup (N)<\/td>\n<\/tr>\n<\/tbody>\n<\/table>\n<\/div>\n<\/div>\n<\/div>\n<div class=\"sharedaddy sd-sharing-enabled\"><div class=\"robots-nocontent sd-block sd-social sd-social-official sd-sharing\"><h3 class=\"sd-title\">Teilen mit:<\/h3><div class=\"sd-content\"><ul><li class=\"share-facebook\"><div class=\"fb-share-button\" data-href=\"http:\/\/www.emslandkicker.de\/?page_id=1505\" data-layout=\"button_count\"><\/div><\/li><li class=\"share-twitter\"><a href=\"https:\/\/twitter.com\/share\" class=\"twitter-share-button\" data-url=\"http:\/\/www.emslandkicker.de\/?page_id=1505\" data-text=\"Vorschau Ligen 2017-18\" data-via=\"Emslandkicker\" >Tweet<\/a><\/li><li class=\"share-email\"><a rel=\"nofollow noopener noreferrer\" data-shared=\"\" class=\"share-email sd-button\" href=\"mailto:?subject=%5BGeteilter%20Beitrag%5D%20Vorschau%20Ligen%202017-18&body=http%3A%2F%2Fwww.emslandkicker.de%2F%3Fpage_id%3D1505&share=email\" target=\"_blank\" title=\"Click to email a link to a friend\" data-email-share-error-title=\"Do you have email set up?\" data-email-share-error-text=\"If you&#039;re having problems sharing via email, you might not have email set up for your browser. You may need to create a new email yourself.\" data-email-share-nonce=\"2ea5f020e7\" data-email-share-track-url=\"http:\/\/www.emslandkicker.de\/?page_id=1505&amp;share=email\"><span>E-Mail<\/span><\/a><\/li><li class=\"share-print\"><a rel=\"nofollow noopener noreferrer\" data-shared=\"\" class=\"share-print sd-button\" href=\"http:\/\/www.emslandkicker.de\/?page_id=1505\" target=\"_blank\" title=\"Klicken zum Ausdrucken\" ><span>Drucken<\/span><\/a><\/li><li class=\"share-end\"><\/li><\/ul><\/div><\/div><\/div>","protected":false},"excerpt":{"rendered":"<p>Stand: 01.06.2017<\/p>\n<div class=\"sharedaddy sd-sharing-enabled\"><div class=\"robots-nocontent sd-block sd-social sd-social-official sd-sharing\"><h3 class=\"sd-title\">Teilen mit:<\/h3><div class=\"sd-content\"><ul><li class=\"share-facebook\"><div class=\"fb-share-button\" data-href=\"http:\/\/www.emslandkicker.de\/?page_id=1505\" data-layout=\"button_count\"><\/div><\/li><li class=\"share-twitter\"><a href=\"https:\/\/twitter.com\/share\" class=\"twitter-share-button\" data-url=\"http:\/\/www.emslandkicker.de\/?page_id=1505\" data-text=\"Vorschau Ligen 2017-18\" data-via=\"Emslandkicker\" >Tweet<\/a><\/li><li class=\"share-email\"><a rel=\"nofollow noopener noreferrer\" data-shared=\"\" class=\"share-email sd-button\" href=\"mailto:?subject=%5BGeteilter%20Beitrag%5D%20Vorschau%20Ligen%202017-18&body=http%3A%2F%2Fwww.emslandkicker.de%2F%3Fpage_id%3D1505&share=email\" target=\"_blank\" title=\"Click to email a link to a friend\" data-email-share-error-title=\"Do you have email set up?\" data-email-share-error-text=\"If you&#039;re having problems sharing via email, you might not have email set up for your browser. You may need to create a new email yourself.\" data-email-share-nonce=\"2ea5f020e7\" data-email-share-track-url=\"http:\/\/www.emslandkicker.de\/?page_id=1505&amp;share=email\"><span>E-Mail<\/span><\/a><\/li><li class=\"share-print\"><a rel=\"nofollow noopener noreferrer\" data-shared=\"\" class=\"share-print sd-button\" href=\"http:\/\/www.emslandkicker.de\/?page_id=1505\" target=\"_blank\" title=\"Klicken zum Ausdrucken\" ><span>Drucken<\/span><\/a><\/li><li class=\"share-end\"><\/li><\/ul><\/div><\/div><\/div>","protected":false},"author":1,"featured_media":328,"parent":170,"menu_order":1,"comment_status":"closed","ping_status":"closed","template":"","meta":{"footnotes":""},"class_list":["post-1505","page","type-page","status-publish","has-post-thumbnail","hentry"],"jetpack_sharing_enabled":true,"jetpack_shortlink":"https:\/\/wp.me\/P5etIj-oh","jetpack-related-posts":[{"id":1023,"url":"http:\/\/www.emslandkicker.de\/?page_id=1023","url_meta":{"origin":1505,"position":0},"title":"Vorschau Ligen 2015-16","date":"1. Juni 2015","format":false,"excerpt":"Stand: 13.06.2015","rel":"","context":"Similar post","img":{"alt_text":"","src":"","width":0,"height":0},"classes":[]},{"id":607,"url":"http:\/\/www.emslandkicker.de\/?page_id=607","url_meta":{"origin":1505,"position":1},"title":"Meister Bezirksliga seit 1984-85","date":"13. November 2014","format":false,"excerpt":"Saison Bezirksliga West Tab. 1976-77 VfL R\u00fctenbrock 1977-78 1978-79 VfL Osnabr\u00fcck A. Saison Bezirksliga Mitte Tab. Bezirksliga S\u00fcd Tab. 1979-80 SV Molbergen SV Bad Bentheim 1980-81 Hasel\u00fcnner SV FC Sch\u00fcttorf 1981-82 Frisa Goldenstedt Eintr. Osnabr\u00fcck 1982-83 1983-84 STV Bar\u00dfel Union Lohne Saison Bezirksliga West Tab. 1984-85 Oly. Laxten 1985-86 Hasel\u00fcnner\u2026","rel":"","context":"Similar post","img":{"alt_text":"","src":"","width":0,"height":0},"classes":[]},{"id":592,"url":"http:\/\/www.emslandkicker.de\/?page_id=592","url_meta":{"origin":1505,"position":2},"title":"Meister 1. Kreisklasse bis 1995","date":"12. November 2014","format":false,"excerpt":"1.KK 1968-69 Tab. Info Nord Mitte VfL Herzlake S\u00fcd 1.KK 1969-70 Tab. Info Nord Mitte Germ. Twist S\u00fcd 1.KK 1970-71 Tab. Info Nord Mitte Grenzl. Twist S\u00fcd 1.KK 1971-72 Tab. Info Nord Mitte FC Wesuwe S\u00fcd 1.KK 1972-73 Tab. Info Nord Mitte Conc Sch\u00f6ninghsdorf S\u00fcd 1.KK 1973-74 Tab. Info Nord\u2026","rel":"","context":"Similar post","img":{"alt_text":"","src":"","width":0,"height":0},"classes":[]},{"id":659,"url":"http:\/\/www.emslandkicker.de\/?page_id=659","url_meta":{"origin":1505,"position":3},"title":"SV trotzte Borussia Dortmund ein 1:1 ab","date":"13. November 2014","format":false,"excerpt":"R\u00fcckhalt in der Meppener Abwehr: Eckhard Vorhold (l.), Hermann R\u00fclander (m.) und Hermann Eiting (r.) wollen in der neuen Saison Gegentore verhindern. Der 18j\u00e4hrige Vorhold hat sich inzwischen zum Stammspieler gemausert und spielt eine wichtige Rolle beim SV. R\u00fclander befindet sich auch in guter Verfassung. So oft wie im Vorjahr\u2026","rel":"","context":"Similar post","img":{"alt_text":"","src":"","width":0,"height":0},"classes":[]},{"id":614,"url":"http:\/\/www.emslandkicker.de\/?page_id=614","url_meta":{"origin":1505,"position":4},"title":"Meister Bezirksklasse seit 1949-50","date":"13. November 2014","format":false,"excerpt":"Saison Bezirksklasse EL Tab. 1949-50 Hasel\u00fcnner SV 1950-51 TuS Lingen 1951-52 SV Dalum 1952-53 Hasel\u00fcnner SV 1953-54 TuS Lingen 1954-55 Union Meppen 1955-56 1956-57 SV Meppen 1957-58 1958-59 1959-60 Conc. Emsb\u00fcrren 1960-61 1961-62 Alem. Salzbergen 1962-63 Eintr. Nordhorn 2 1963-64 Amisia Papenburg 1964-65 SF Schwefingen 1965-66 Union Meppen 1966-67 Sparta\u2026","rel":"","context":"Similar post","img":{"alt_text":"","src":"","width":0,"height":0},"classes":[]},{"id":612,"url":"http:\/\/www.emslandkicker.de\/?page_id=612","url_meta":{"origin":1505,"position":5},"title":"Meister Bezirksoberliga seit 1979-80","date":"13. November 2014","format":false,"excerpt":"Saison Verein Liga Tab. 1979-80 VfL Ockenhausen BOL 1980-81 SV Wilhelmshaven BOL 1981-82 Blau-Wei\u00df Schinkel BOL 1982-83 Wei\u00dfe Elf Nordhorn BOL 1983-84 VfL Oldenburg BOL 1984-85 SpVg Aurich BOL 1985-86 SV Bad Bentheim BOL 1986-87 TuS Heidkrug BOL 1987-88 SC Spelle-V. BOL 1988-89 Sportfreunde Oesede BOL 1989-90 Oly. Laxten BOL\u2026","rel":"","context":"Similar post","img":{"alt_text":"","src":"","width":0,"height":0},"classes":[]}],"jetpack_likes_enabled":true,"_links":{"self":[{"href":"http:\/\/www.emslandkicker.de\/index.php?rest_route=\/wp\/v2\/pages\/1505","targetHints":{"allow":["GET"]}}],"collection":[{"href":"http:\/\/www.emslandkicker.de\/index.php?rest_route=\/wp\/v2\/pages"}],"about":[{"href":"http:\/\/www.emslandkicker.de\/index.php?rest_route=\/wp\/v2\/types\/page"}],"author":[{"embeddable":true,"href":"http:\/\/www.emslandkicker.de\/index.php?rest_route=\/wp\/v2\/users\/1"}],"replies":[{"embeddable":true,"href":"http:\/\/www.emslandkicker.de\/index.php?rest_route=%2Fwp%2Fv2%2Fcomments&post=1505"}],"version-history":[{"count":0,"href":"http:\/\/www.emslandkicker.de\/index.php?rest_route=\/wp\/v2\/pages\/1505\/revisions"}],"up":[{"embeddable":true,"href":"http:\/\/www.emslandkicker.de\/index.php?rest_route=\/wp\/v2\/pages\/170"}],"wp:featuredmedia":[{"embeddable":true,"href":"http:\/\/www.emslandkicker.de\/index.php?rest_route=\/wp\/v2\/media\/328"}],"wp:attachment":[{"href":"http:\/\/www.emslandkicker.de\/index.php?rest_route=%2Fwp%2Fv2%2Fmedia&parent=1505"}],"curies":[{"name":"wp","href":"https:\/\/api.w.org\/{rel}","templated":true}]}}