{"id":251,"date":"2014-10-23T12:45:13","date_gmt":"2014-10-23T10:45:13","guid":{"rendered":"http:\/\/www.emslandkicker.de\/?page_id=251"},"modified":"2015-09-12T11:50:42","modified_gmt":"2015-09-12T09:50:42","slug":"sv-meppen","status":"publish","type":"page","link":"http:\/\/www.emslandkicker.de\/?page_id=251","title":{"rendered":"SV Meppen"},"content":{"rendered":"<div class=\"pdfprnt-buttons pdfprnt-buttons-page pdfprnt-top-right\"><a href=\"http:\/\/www.emslandkicker.de\/index.php?rest_route=%2Fwp%2Fv2%2Fpages%2F251&print=pdf\" class=\"pdfprnt-button pdfprnt-button-pdf\" target=\"_blank\"><img decoding=\"async\" src=\"https:\/\/i0.wp.com\/www.emslandkicker.de\/wp-content\/plugins\/pdf-print\/images\/pdf.png?w=610\" alt=\"image_pdf\" title=\"View PDF\" data-recalc-dims=\"1\" \/><\/a><a href=\"http:\/\/www.emslandkicker.de\/index.php?rest_route=%2Fwp%2Fv2%2Fpages%2F251&print=print\" class=\"pdfprnt-button pdfprnt-button-print\" target=\"_blank\"><img decoding=\"async\" src=\"https:\/\/i0.wp.com\/www.emslandkicker.de\/wp-content\/plugins\/pdf-print\/images\/print.png?w=610\" alt=\"image_print\" title=\"Print Content\" data-recalc-dims=\"1\" \/><\/a><\/div><div class=\"wpcmsdev-tabs\">\n<div class=\"tab\">\n<h3 class=\"tab-title\" data-tab-id=\"svm\">SVM<\/h3>\n<div id=\"tab-svm\" class=\"tab-content\">\n<h4>Angriff mit neuem Sturm<\/h4>\n<p>\nMeppener Kader flexibler geworden<\/p>\n<p>MEPPEN. Das DFB-Pokalspiel gegen den 1. FC K\u00f6ln am 8. August ist ein ganz gro\u00dfes Thema beim SV Meppen. Der erste Auftritt auf der nationalen B\u00fchne ist ein Highlight. Doch mindestens genauso wichtig ist die Punktspielrunde in der Regionalliga. In der Vierten Liga wollen die Emsl\u00e4nder so weit wie m\u00f6glich oben mitmischen&#8230;<\/p>\n<p>Der Traum von der Dritten Liga lebt weiter im Emsland. Aber gerade in vergangenen Saison haben die Blau-Wei\u00dfen erfahren, wie gro\u00df und wie stark die Konkurrenz ist. Der SVM rutschte am letzten Spieltag noch auf Rang acht ab. In der neuen Serie will er Teil der Spitzengruppen sein, zu der bis zu sieben Clubs Z\u00e4hlen k\u00f6nnten. Ganz vorne erwartet das Trainertrio Christian Neidhart, Damir Bujan und Mario Neumann die U 23 des VfL Wolfsburg. Die Talentschmiede verf\u00fcgt \u00fcber die besten M\u00f6glichkeiten. Zum Verfolgerfeld d\u00fcrften VfB L\u00fcbeck, TSV Havelse,  Weiche Flensburg, BSV Rehden, Eintracht Norderstedt, die U23 des Hamburger SV mit dem aus der Bundesliga zur\u00fcckgekehrten Trainer Joe Zinnbauer und der SV Meppen geh\u00f6ren.<\/p>\n<p>\u201eWir wollen es so Spannend wie m\u00f6glich machen\u201c, gibt Neidhart das Ziel aus. \u201eEs soll keine zweite Mannschaft oben einsam ihre Kreise ziehen.\u201c Klar, dass die Blau-Wei\u00dfen besser als in der letzten Saison abschneiden wollen.<\/p>\n<p>Gleich elf Spieler haben den SVM verlassen. Der Kader wurde kleiner, was in der Vorbereitung gelegentlich zu Engp\u00e4ssen f\u00fchrte, zumal der junge Thorben Deters erst in K\u00fcrze wieder ins Training einsteigen kann. Dennoch ist der Verein weiter als vor einem Jahr. Damals musste der Club noch wochenlang in der Abwehr testen.  <\/p>\n<p>Die gr\u00f6\u00dften Ver\u00e4nderungen gab es im Angriff: Mit Erdogan Pini (FC St. Pauli II), Muhamed Alawie (L\u00fcneburger SK Hansa) und dem aus R\u00fctenbrock stammenden fr\u00fcheren Juniorennationalspieler Mirco Born. (Hertha BSC Berlin II) sind drei neue St\u00fcrmer gekommen. Sie sollen f\u00fcr mehr Effektivit\u00e4t vor dem gegnerischen Geh\u00e4use Sorgen. Der beste Meppener Sch\u00fctze der letzten beiden Jahre, n\u00e4mlich Max Kremer, ist geblieben. <\/p>\n<p>Der 26-J\u00e4hrige bildet mit Martin Wagner, der seinen Vertrag in der Vorbereitung bis Sommer 2018 verl\u00e4ngert hat, bereits  im dritten Jahr das Herzst\u00fcck der SVM-Offensive. F\u00fcr Geschwindigkeit sorgen der kirgisische Nationalspieler Viktor Maier und Marc Schnier. Der erfahrene Jens Robben hat seine Bedeutung als Schalt- und Anspielstation l\u00e4ngst bewiesen.<\/p>\n<p>Robben kann auch auf der Sechser-Position auflaufen. Dort muss Neidhart den schnellen Umschaltspieler Daniel Latkowski ersetzen. Neben Johan Wigger k\u00f6nnen die Neuzug\u00e4nge Dennis Strompen (VfL Wolfsburg II) und Patrick Posipal (L\u00fcneburger SK Hansa) in der Zentrale vor der Abwehr spielen. Auf der wichtigen Schaltstation gibt es also Alternativen.<\/p>\n<p>Die Abwehr ist seit dem Winter nur auf einer Position ver\u00e4ndert worden, weil der routinierte Martin Hudec angeschlagen ist. Janik Jesgarzewksi, Dennis Geiger und Sebastian Schepers sowie Marcel Thomas verf\u00fcgen \u00fcber Erfahrung. Im Tor bleibt der SVM stark besetzt. Benny Gommert z\u00e4hlt zu den besten Keepern der Liga. Lars Huxsohl gilt als Herausforderer. <\/p>\n<p>Zudem stehen im Kader noch junge Talente. Jan-Luca Ahillen geh\u00f6rt schon im zweiten Jahr dazu. Thorben Deters muss erst wieder fit werden. Kerem Sahan (TB Uphusen) schnupperte bereits als A-Junior Oberliga-Luft. Yannic Suchanke (JLZ Emsland) gilt als K\u00e4mpfer. <\/p>\n<p>Neidhart ist sicher, dass alle Spieler entwicklungsf\u00e4hig und flexibel sind. Das ist Wichtig f\u00fcr seine fu\u00dfballerische Philosophie. Der Kader ist jung, die Spieler gut ausgebildet. Das sorgt f\u00fcr Perspektive und Nachhaltigkeit. Neumann ist sicher, dass das Team nicht nur ein 4-4-2 und ein 4-2-3-1-System spielen kann, sondern im Zweifelsfall auch ein 4-3-3. \u201eDamit k\u00f6nnen Wir auf jeden Gegner reagieren und sogar im? \u201cSpiel umstellen.\u201c<\/p>\n<p>Quelle: Verlagsbeilage der NOZ &#8211; Vor dem Anpfiff im Emsland<\/p>\n<\/div>\n<\/div>\n<div class=\"tab\">\n<h3 class=\"tab-title\" data-tab-id=\"svm-info\">SVM-Info<\/h3>\n<div id=\"tab-svm-info\" class=\"tab-content\">\n<table>\n<tbody>\n<tr>\n<td>Logo:<\/td>\n<td><img decoding=\"async\" src=\"http:\/\/www.emslandkicker.de\/lmo4\/img\/teams\/small\/SV Meppen.gif\" alt=\"\" \/><\/td>\n<\/tr>\n<tr>\n<td>Verein:<\/td>\n<td>SV Meppen 1912 e.V.<\/td>\n<\/tr>\n<tr>\n<td>Gr\u00fcndung:<\/td>\n<td>29. November 1912<br \/>\n(als SV Amisia Meppen)<\/td>\n<\/tr>\n<tr>\n<td>Anschrift:<\/td>\n<td>Lathener Str. 15a<br \/>\n49716 Meppen<\/td>\n<\/tr>\n<tr>\n<td>Kontakt:<\/td>\n<td>Telefon: 0 59 31 &#8211; 93 01 0<br \/>\nTelefax: 0 59 31 &#8211; 93 01 50<\/td>\n<\/tr>\n<tr>\n<td>Vereinsfarben:<\/td>\n<td>Blau &#8211; Wei\u00df<\/td>\n<\/tr>\n<tr>\n<td>Stadion:<\/td>\n<td>H\u00e4nsch-Arena<\/td>\n<\/tr>\n<tr>\n<td>Trainer:<\/td>\n<td>Christian Neidhart<\/td>\n<\/tr>\n<tr>\n<td>Homepage:<\/td>\n<td><a title=\"SV Meppen - Externer Link\" href=\"http:\/\/www.svmeppen.de\/\" target=\"_blank\">www.svmeppen.de<\/a><\/td>\n<\/tr>\n<tr>\n<td>Trikotsponsor:<\/td>\n<td><a title=\"Trikotsponsor - Externer Link\" href=\"http:\/\/www.svmeppen.de\/echtemsland.html\" target=\"_blank\">Echt Emsland &#8211; Ackern<\/a><\/td>\n<\/tr>\n<tr>\n<td>SVM &#8211; Twitter<\/td>\n<td><a href=\"https:\/\/twitter.com\/svmeppen1912\" target=\"_blank\">Twitter<\/a><\/td>\n<\/tr>\n<tr>\n<td>SVM &#8211; Facebook<\/td>\n<td><a href=\"https:\/\/www.facebook.com\/svmeppen\" target=\"_blank\">Facebook<\/a><\/td>\n<\/tr>\n<tr>\n<td><\/td>\n<td><\/td>\n<\/tr>\n<\/tbody>\n<\/table>\n<\/div>\n<\/div>\n<div class=\"tab\">\n<h3 class=\"tab-title\" data-tab-id=\"anfahrt\">Anfahrt<\/h3>\n<div id=\"tab-anfahrt\" class=\"tab-content\">\n<p>[mapsmarker marker=&#8221;1&#8243;]<\/p>\n<\/div>\n<\/div>\n<div class=\"tab\">\n<h3 class=\"tab-title\" data-tab-id=\"tabelle\">Tabelle<\/h3>\n<div id=\"tab-tabelle\" class=\"tab-content\">\n<p><iframe loading=\"lazy\" src=\"http:\/\/www.emslandkicker.de\/lmo4\/lmo.php?file=rln15-16.l98\" width=\"100%\" height=\"1000\" frameborder=\"0\" marginwidth=\"0\" marginheight=\"0\" scrolling=\"no\"><\/iframe><\/p>\n<\/div>\n<\/div>\n<div class=\"tab\">\n<h3 class=\"tab-title\" data-tab-id=\"spielplan\">Spielplan<\/h3>\n<div id=\"tab-spielplan\" class=\"tab-content\">\n<p><iframe loading=\"lazy\" src=\"http:\/\/www.emslandkicker.de\/lmo4\/lmo.php?action=program&amp;file=rln15-16.l98&amp;selteam=6\" width=\"100%\" height=\"1000\" frameborder=\"0\" marginwidth=\"0\" marginheight=\"0\" scrolling=\"no\"><\/iframe><\/p>\n<\/div>\n<\/div>\n<div class=\"tab\">\n<h3 class=\"tab-title\" data-tab-id=\"statistik\">Statistik<\/h3>\n<div id=\"tab-statistik\" class=\"tab-content\">\n<p><iframe loading=\"lazy\" src=\"http:\/\/www.emslandkicker.de\/lmo4\/lmo.php?action=stats&amp;file=rln15-16.l98&amp;stat1=6&amp;stat2=0\" width=\"100%\" height=\"1200\" frameborder=\"0\" marginwidth=\"0\" marginheight=\"0\" scrolling=\"no\"><\/iframe><\/p>\n<\/div>\n<\/div>\n<div class=\"tab\">\n<h3 class=\"tab-title\" data-tab-id=\"fieberkurve\">Fieberkurve<\/h3>\n<div id=\"tab-fieberkurve\" class=\"tab-content\">\n<p><iframe loading=\"lazy\" src=\"http:\/\/www.emslandkicker.de\/lmo4\/lmo.php?file=rln15-16.l98&amp;action=graph&amp;stat1=6&amp;stat2=0\" width=\"100%\" height=\"500\" frameborder=\"0\" marginwidth=\"0\" marginheight=\"0\" scrolling=\"no\"><\/iframe><\/p>\n<\/div>\n<\/div>\n<\/div>\n<div class=\"sharedaddy sd-sharing-enabled\"><div class=\"robots-nocontent sd-block sd-social sd-social-official sd-sharing\"><h3 class=\"sd-title\">Teilen mit:<\/h3><div class=\"sd-content\"><ul><li class=\"share-facebook\"><div class=\"fb-share-button\" data-href=\"http:\/\/www.emslandkicker.de\/?page_id=251\" data-layout=\"button_count\"><\/div><\/li><li class=\"share-twitter\"><a href=\"https:\/\/twitter.com\/share\" class=\"twitter-share-button\" data-url=\"http:\/\/www.emslandkicker.de\/?page_id=251\" data-text=\"SV Meppen\" data-via=\"Emslandkicker\" >Tweet<\/a><\/li><li class=\"share-email\"><a rel=\"nofollow noopener noreferrer\" data-shared=\"\" class=\"share-email sd-button\" href=\"mailto:?subject=%5BGeteilter%20Beitrag%5D%20SV%20Meppen&body=http%3A%2F%2Fwww.emslandkicker.de%2F%3Fpage_id%3D251&share=email\" target=\"_blank\" title=\"Click to email a link to a friend\" data-email-share-error-title=\"Do you have email set up?\" data-email-share-error-text=\"If you&#039;re having problems sharing via email, you might not have email set up for your browser. You may need to create a new email yourself.\" data-email-share-nonce=\"71976ef8a9\" data-email-share-track-url=\"http:\/\/www.emslandkicker.de\/?page_id=251&amp;share=email\"><span>E-Mail<\/span><\/a><\/li><li class=\"share-print\"><a rel=\"nofollow noopener noreferrer\" data-shared=\"\" class=\"share-print sd-button\" href=\"http:\/\/www.emslandkicker.de\/?page_id=251\" target=\"_blank\" title=\"Klicken zum Ausdrucken\" ><span>Drucken<\/span><\/a><\/li><li class=\"share-end\"><\/li><\/ul><\/div><\/div><\/div>","protected":false},"excerpt":{"rendered":"<div class=\"sharedaddy sd-sharing-enabled\"><div class=\"robots-nocontent sd-block sd-social sd-social-official sd-sharing\"><h3 class=\"sd-title\">Teilen mit:<\/h3><div class=\"sd-content\"><ul><li class=\"share-facebook\"><div class=\"fb-share-button\" data-href=\"http:\/\/www.emslandkicker.de\/?page_id=251\" data-layout=\"button_count\"><\/div><\/li><li class=\"share-twitter\"><a href=\"https:\/\/twitter.com\/share\" class=\"twitter-share-button\" data-url=\"http:\/\/www.emslandkicker.de\/?page_id=251\" data-text=\"SV Meppen\" data-via=\"Emslandkicker\" >Tweet<\/a><\/li><li class=\"share-email\"><a rel=\"nofollow noopener noreferrer\" data-shared=\"\" class=\"share-email sd-button\" href=\"mailto:?subject=%5BGeteilter%20Beitrag%5D%20SV%20Meppen&body=http%3A%2F%2Fwww.emslandkicker.de%2F%3Fpage_id%3D251&share=email\" target=\"_blank\" title=\"Click to email a link to a friend\" data-email-share-error-title=\"Do you have email set up?\" data-email-share-error-text=\"If you&#039;re having problems sharing via email, you might not have email set up for your browser. You may need to create a new email yourself.\" data-email-share-nonce=\"71976ef8a9\" data-email-share-track-url=\"http:\/\/www.emslandkicker.de\/?page_id=251&amp;share=email\"><span>E-Mail<\/span><\/a><\/li><li class=\"share-print\"><a rel=\"nofollow noopener noreferrer\" data-shared=\"\" class=\"share-print sd-button\" href=\"http:\/\/www.emslandkicker.de\/?page_id=251\" target=\"_blank\" title=\"Klicken zum Ausdrucken\" ><span>Drucken<\/span><\/a><\/li><li class=\"share-end\"><\/li><\/ul><\/div><\/div><\/div>","protected":false},"author":1,"featured_media":328,"parent":86,"menu_order":0,"comment_status":"open","ping_status":"open","template":"","meta":{"footnotes":""},"class_list":["post-251","page","type-page","status-publish","has-post-thumbnail","hentry"],"jetpack_sharing_enabled":true,"jetpack_shortlink":"https:\/\/wp.me\/P5etIj-43","jetpack-related-posts":[{"id":536,"url":"http:\/\/www.emslandkicker.de\/?page_id=536","url_meta":{"origin":251,"position":0},"title":"SV Meppen &#8211; Ligachronik","date":"10. November 2014","format":false,"excerpt":"Verein Saison Liga Platz Tab. SV Meppen 1947-48 Verbandsliga Weser-Ems 10. SV Meppen 1948-49 Verbandsliga Weser-Ems 12. SV Meppen 1949-50 Amateurliga 2 6. SV Meppen 1950-51 Amateurliga 2 4. SV Meppen 1951-52 Amateurliga 2 West 8. SV Meppen 1952-53 Amateurliga 2 9. SV Meppen 1953-54 Amateurliga 2 14. SV Meppen\u2026","rel":"","context":"Similar post","img":{"alt_text":"","src":"","width":0,"height":0},"classes":[]},{"id":655,"url":"http:\/\/www.emslandkicker.de\/?page_id=655","url_meta":{"origin":251,"position":1},"title":"SV Meppen schnupperte Bundesligaluft","date":"13. November 2014","format":false,"excerpt":"Bundesligaluft schnuppert der SV Meppen in D\u00f6rpen, wo die Emsl\u00e4nder den Dortmunder Borussen ein 1: 1 abtrotzen. Unser Foto zeigt die beiden Mannschaftskapit\u00e4ne Bernd Deters (links) und Dirk Hupe beim freundschaftlichen Shakehands vor Beginn der spannenden Partie. Rund 1850 Zuschauer erlebten einen klug aufspielenden SV Meppen, der sich sich mit\u2026","rel":"","context":"Similar post","img":{"alt_text":"","src":"","width":0,"height":0},"classes":[]},{"id":659,"url":"http:\/\/www.emslandkicker.de\/?page_id=659","url_meta":{"origin":251,"position":2},"title":"SV trotzte Borussia Dortmund ein 1:1 ab","date":"13. November 2014","format":false,"excerpt":"R\u00fcckhalt in der Meppener Abwehr: Eckhard Vorhold (l.), Hermann R\u00fclander (m.) und Hermann Eiting (r.) wollen in der neuen Saison Gegentore verhindern. Der 18j\u00e4hrige Vorhold hat sich inzwischen zum Stammspieler gemausert und spielt eine wichtige Rolle beim SV. R\u00fclander befindet sich auch in guter Verfassung. So oft wie im Vorjahr\u2026","rel":"","context":"Similar post","img":{"alt_text":"","src":"","width":0,"height":0},"classes":[]},{"id":693,"url":"http:\/\/www.emslandkicker.de\/?page_id=693","url_meta":{"origin":251,"position":3},"title":"Zuschauer Oberliga 1986-87","date":"14. November 2014","format":false,"excerpt":"Zuschauerzahlen Verein Heim D.-Schnitt SV Meppen 42000 2625 VfB Oldenburg 34550 2159 1. SC G\u00f6ttingen 05 22137 1384 SV Arminia Hannover 17975 1123 VfL Wolfsburg 15059 941 Wolfenb\u00fctteler SV 14594 912 Holstein Kiel 14082 880 SpVgg G\u00f6ttingen 13267 829 TSV Havelse 12560 785 L\u00fcneburger SK 12422 776 SV Atlas Delmenhorst\u2026","rel":"","context":"Similar post","img":{"alt_text":"","src":"","width":0,"height":0},"classes":[]},{"id":663,"url":"http:\/\/www.emslandkicker.de\/?page_id=663","url_meta":{"origin":251,"position":4},"title":"Aufstiegsrunde zur 2. Bundesliga","date":"13. November 2014","format":false,"excerpt":"Aufstiegsrunde zur 2. Bundesliga Gruppe Nord Spielpaarungen Hin R\u00fcck SV Arminia Hannover \u2013 SV Meppen 2 : 2 0 : 0 SpVgg Erkenschwick \u2013 BVL 08 Remscheid 0 : 0 0 : 0 Hertha BSC \u2013 SpVgg Erkenschwick 0 : 0 1 : 2 BVL 08 Remscheid \u2013 SV Arminia\u2026","rel":"","context":"Similar post","img":{"alt_text":"","src":"","width":0,"height":0},"classes":[]},{"id":695,"url":"http:\/\/www.emslandkicker.de\/?page_id=695","url_meta":{"origin":251,"position":5},"title":"Torj\u00e4ger der Oberliga 1986-87","date":"14. November 2014","format":false,"excerpt":"Torj\u00e4ger der Oberliga Spieler Verein Tore 1. Bernd Krech 1. SC G\u00f6ttingen 05 28 2. Uwe Puppel TSV Havelse 23 3. Frank Plagge VfL Wolfsburg 22 4. Stefan K\u00f6ppe 1. SC G\u00f6ttingen 05 19 Karsten Wagner L\u00fcneburger SK 19 6. Thomas Oldenburg Altona 93 17 7. Carsten Nemitz Holstein Kiel\u2026","rel":"","context":"Similar post","img":{"alt_text":"","src":"","width":0,"height":0},"classes":[]}],"jetpack_likes_enabled":true,"_links":{"self":[{"href":"http:\/\/www.emslandkicker.de\/index.php?rest_route=\/wp\/v2\/pages\/251","targetHints":{"allow":["GET"]}}],"collection":[{"href":"http:\/\/www.emslandkicker.de\/index.php?rest_route=\/wp\/v2\/pages"}],"about":[{"href":"http:\/\/www.emslandkicker.de\/index.php?rest_route=\/wp\/v2\/types\/page"}],"author":[{"embeddable":true,"href":"http:\/\/www.emslandkicker.de\/index.php?rest_route=\/wp\/v2\/users\/1"}],"replies":[{"embeddable":true,"href":"http:\/\/www.emslandkicker.de\/index.php?rest_route=%2Fwp%2Fv2%2Fcomments&post=251"}],"version-history":[{"count":0,"href":"http:\/\/www.emslandkicker.de\/index.php?rest_route=\/wp\/v2\/pages\/251\/revisions"}],"up":[{"embeddable":true,"href":"http:\/\/www.emslandkicker.de\/index.php?rest_route=\/wp\/v2\/pages\/86"}],"wp:featuredmedia":[{"embeddable":true,"href":"http:\/\/www.emslandkicker.de\/index.php?rest_route=\/wp\/v2\/media\/328"}],"wp:attachment":[{"href":"http:\/\/www.emslandkicker.de\/index.php?rest_route=%2Fwp%2Fv2%2Fmedia&parent=251"}],"curies":[{"name":"wp","href":"https:\/\/api.w.org\/{rel}","templated":true}]}}