{"id":760,"date":"2014-11-25T00:08:20","date_gmt":"2014-11-24T22:08:20","guid":{"rendered":"http:\/\/www.emslandkicker.de\/?page_id=760"},"modified":"2014-11-25T10:07:26","modified_gmt":"2014-11-25T08:07:26","slug":"tabelle-bezirksklasse-mitte-1970-71","status":"publish","type":"page","link":"http:\/\/www.emslandkicker.de\/?page_id=760","title":{"rendered":"Tabelle Bezirksklasse Mitte 1970-71"},"content":{"rendered":"<div class=\"pdfprnt-buttons pdfprnt-buttons-page pdfprnt-top-right\"><a href=\"http:\/\/www.emslandkicker.de\/index.php?rest_route=%2Fwp%2Fv2%2Fpages%2F760&print=pdf\" class=\"pdfprnt-button pdfprnt-button-pdf\" target=\"_blank\"><img decoding=\"async\" src=\"https:\/\/i0.wp.com\/www.emslandkicker.de\/wp-content\/plugins\/pdf-print\/images\/pdf.png?w=610\" alt=\"image_pdf\" title=\"View PDF\" data-recalc-dims=\"1\" \/><\/a><a href=\"http:\/\/www.emslandkicker.de\/index.php?rest_route=%2Fwp%2Fv2%2Fpages%2F760&print=print\" class=\"pdfprnt-button pdfprnt-button-print\" target=\"_blank\"><img decoding=\"async\" src=\"https:\/\/i0.wp.com\/www.emslandkicker.de\/wp-content\/plugins\/pdf-print\/images\/print.png?w=610\" alt=\"image_print\" title=\"Print Content\" data-recalc-dims=\"1\" \/><\/a><\/div><table width=\"100%&quot;\" cellspacing=\"5\" cellpadding=\"0\">\n<tbody>\n<tr>\n<td colspan=\"10\"><strong>Bezirksklasse Mitte 1970-71<\/strong><\/td>\n<\/tr>\n<tr>\n<td bgcolor=\"#CCCCCC\"><strong>Pl.<\/strong><\/td>\n<td bgcolor=\"#CCCCCC\"><strong>Verein<\/strong><\/td>\n<td bgcolor=\"#CCCCCC\"><strong>Sp<\/strong><\/td>\n<td colspan=\"3\" bgcolor=\"#CCCCCC\"><strong>Tore<\/strong><\/td>\n<td bgcolor=\"#CCCCCC\"><strong>Diff.<\/strong><\/td>\n<td colspan=\"3\" bgcolor=\"#CCCCCC\"><strong>Pkt.<\/strong><\/td>\n<\/tr>\n<tr>\n<td bgcolor=\"#66ff33\">1.<\/td>\n<td bgcolor=\"#66ff33\">TuS Lingen<\/td>\n<td align=\"right\" bgcolor=\"#66ff33\">30<\/td>\n<td align=\"right\" bgcolor=\"#66ff33\">83<\/td>\n<td bgcolor=\"#66ff33\">:<\/td>\n<td align=\"right\" bgcolor=\"#66ff33\">28<\/td>\n<td align=\"right\" bgcolor=\"#66ff33\">55<\/td>\n<td align=\"right\" bgcolor=\"#66ff33\">51<\/td>\n<td bgcolor=\"#66ff33\">:<\/td>\n<td align=\"right\" bgcolor=\"#66ff33\">9<\/td>\n<\/tr>\n<tr>\n<td>2.<\/td>\n<td>Conc. Belm-P.<\/td>\n<td align=\"right\">30<\/td>\n<td align=\"right\">77<\/td>\n<td>:<\/td>\n<td align=\"right\">36<\/td>\n<td align=\"right\">41<\/td>\n<td align=\"right\">44<\/td>\n<td>:<\/td>\n<td align=\"right\">16<\/td>\n<\/tr>\n<tr>\n<td>3.<\/td>\n<td>FC Leschede<\/td>\n<td align=\"right\">30<\/td>\n<td align=\"right\">66<\/td>\n<td>:<\/td>\n<td align=\"right\">45<\/td>\n<td align=\"right\">21<\/td>\n<td align=\"right\">37<\/td>\n<td>:<\/td>\n<td align=\"right\">23<\/td>\n<\/tr>\n<tr>\n<td>4.<\/td>\n<td>ASV Altenlingen<\/td>\n<td align=\"right\">30<\/td>\n<td align=\"right\">49<\/td>\n<td>:<\/td>\n<td align=\"right\">42<\/td>\n<td align=\"right\">7<\/td>\n<td align=\"right\">35<\/td>\n<td>:<\/td>\n<td align=\"right\">25<\/td>\n<\/tr>\n<tr>\n<td>5.<\/td>\n<td>Union Lohne<\/td>\n<td align=\"right\">30<\/td>\n<td align=\"right\">59<\/td>\n<td>:<\/td>\n<td align=\"right\">45<\/td>\n<td align=\"right\">14<\/td>\n<td align=\"right\">34<\/td>\n<td>:<\/td>\n<td align=\"right\">26<\/td>\n<\/tr>\n<tr>\n<td>6.<\/td>\n<td>TSV Osnabr\u00fcck<\/td>\n<td align=\"right\">30<\/td>\n<td align=\"right\">57<\/td>\n<td>:<\/td>\n<td align=\"right\">45<\/td>\n<td align=\"right\">12<\/td>\n<td align=\"right\">34<\/td>\n<td>:<\/td>\n<td align=\"right\">26<\/td>\n<\/tr>\n<tr>\n<td>7.<\/td>\n<td>Conc. Emsb\u00fcren<\/td>\n<td align=\"right\">30<\/td>\n<td align=\"right\">51<\/td>\n<td>:<\/td>\n<td align=\"right\">45<\/td>\n<td align=\"right\">6<\/td>\n<td align=\"right\">34<\/td>\n<td>:<\/td>\n<td align=\"right\">26<\/td>\n<\/tr>\n<tr>\n<td>8.<\/td>\n<td>Eintr. Osnabr\u00fcck 2<\/td>\n<td align=\"right\">30<\/td>\n<td align=\"right\">49<\/td>\n<td>:<\/td>\n<td align=\"right\">53<\/td>\n<td align=\"right\">-4<\/td>\n<td align=\"right\">28<\/td>\n<td>:<\/td>\n<td align=\"right\">32<\/td>\n<\/tr>\n<tr>\n<td>9.<\/td>\n<td>VfL Osnabr\u00fcck 2<\/td>\n<td align=\"right\">30<\/td>\n<td align=\"right\">50<\/td>\n<td>:<\/td>\n<td align=\"right\">62<\/td>\n<td align=\"right\">-12<\/td>\n<td align=\"right\">28<\/td>\n<td>:<\/td>\n<td align=\"right\">32<\/td>\n<\/tr>\n<tr>\n<td>10.<\/td>\n<td>Raspo Osnabr\u00fcck<\/td>\n<td align=\"right\">30<\/td>\n<td align=\"right\">55<\/td>\n<td>:<\/td>\n<td align=\"right\">63<\/td>\n<td align=\"right\">-8<\/td>\n<td align=\"right\">27<\/td>\n<td>:<\/td>\n<td align=\"right\">33<\/td>\n<\/tr>\n<tr>\n<td>11.<\/td>\n<td>BW L\u00fcnne<\/td>\n<td align=\"right\">30<\/td>\n<td align=\"right\">61<\/td>\n<td>:<\/td>\n<td align=\"right\">62<\/td>\n<td align=\"right\">-1<\/td>\n<td align=\"right\">27<\/td>\n<td>:<\/td>\n<td align=\"right\">33<\/td>\n<\/tr>\n<tr>\n<td>12.<\/td>\n<td>TuS Haste 2<\/td>\n<td align=\"right\">30<\/td>\n<td align=\"right\">52<\/td>\n<td>:<\/td>\n<td align=\"right\">69<\/td>\n<td align=\"right\">-17<\/td>\n<td align=\"right\">24<\/td>\n<td>:<\/td>\n<td align=\"right\">36<\/td>\n<\/tr>\n<tr>\n<td>13.<\/td>\n<td>Spielverein Osnabr\u00fcck<\/td>\n<td align=\"right\">30<\/td>\n<td align=\"right\">47<\/td>\n<td>:<\/td>\n<td align=\"right\">64<\/td>\n<td align=\"right\">-17<\/td>\n<td align=\"right\">22<\/td>\n<td>:<\/td>\n<td align=\"right\">38<\/td>\n<\/tr>\n<tr>\n<td>14.<\/td>\n<td>Alema. Salzbergen<\/td>\n<td align=\"right\">30<\/td>\n<td align=\"right\">48<\/td>\n<td>:<\/td>\n<td align=\"right\">84<\/td>\n<td align=\"right\">-36<\/td>\n<td align=\"right\">20<\/td>\n<td>:<\/td>\n<td align=\"right\">40<\/td>\n<\/tr>\n<tr>\n<td bgcolor=\"#ff9999\">15.<\/td>\n<td bgcolor=\"#ff9999\">Fort. Beesten<\/td>\n<td align=\"right\" bgcolor=\"#ff9999\">30<\/td>\n<td align=\"right\" bgcolor=\"#ff9999\">41<\/td>\n<td bgcolor=\"#ff9999\">:<\/td>\n<td align=\"right\" bgcolor=\"#ff9999\">66<\/td>\n<td align=\"right\" bgcolor=\"#ff9999\">-25<\/td>\n<td align=\"right\" bgcolor=\"#ff9999\">20<\/td>\n<td bgcolor=\"#ff9999\">:<\/td>\n<td align=\"right\" bgcolor=\"#ff9999\">40<\/td>\n<\/tr>\n<tr>\n<td bgcolor=\"#ff9999\">16.<\/td>\n<td bgcolor=\"#ff9999\">VfB Schinkel<\/td>\n<td align=\"right\" bgcolor=\"#ff9999\">30<\/td>\n<td align=\"right\" bgcolor=\"#ff9999\">24<\/td>\n<td bgcolor=\"#ff9999\">:<\/td>\n<td align=\"right\" bgcolor=\"#ff9999\">60<\/td>\n<td align=\"right\" bgcolor=\"#ff9999\">-36<\/td>\n<td align=\"right\" bgcolor=\"#ff9999\">15<\/td>\n<td bgcolor=\"#ff9999\">:<\/td>\n<td align=\"right\" bgcolor=\"#ff9999\">45<\/td>\n<\/tr>\n<\/tbody>\n<\/table>\n<div class=\"sharedaddy sd-sharing-enabled\"><div class=\"robots-nocontent sd-block sd-social sd-social-official sd-sharing\"><h3 class=\"sd-title\">Teilen mit:<\/h3><div class=\"sd-content\"><ul><li class=\"share-facebook\"><div class=\"fb-share-button\" data-href=\"http:\/\/www.emslandkicker.de\/?page_id=760\" data-layout=\"button_count\"><\/div><\/li><li class=\"share-twitter\"><a href=\"https:\/\/twitter.com\/share\" class=\"twitter-share-button\" data-url=\"http:\/\/www.emslandkicker.de\/?page_id=760\" data-text=\"Tabelle Bezirksklasse Mitte 1970-71\" data-via=\"Emslandkicker\" >Tweet<\/a><\/li><li class=\"share-email\"><a rel=\"nofollow noopener noreferrer\" data-shared=\"\" class=\"share-email sd-button\" href=\"mailto:?subject=%5BGeteilter%20Beitrag%5D%20Tabelle%20Bezirksklasse%20Mitte%201970-71&body=http%3A%2F%2Fwww.emslandkicker.de%2F%3Fpage_id%3D760&share=email\" target=\"_blank\" title=\"Click to email a link to a friend\" data-email-share-error-title=\"Do you have email set up?\" data-email-share-error-text=\"If you&#039;re having problems sharing via email, you might not have email set up for your browser. You may need to create a new email yourself.\" data-email-share-nonce=\"713d716c8c\" data-email-share-track-url=\"http:\/\/www.emslandkicker.de\/?page_id=760&amp;share=email\"><span>E-Mail<\/span><\/a><\/li><li class=\"share-print\"><a rel=\"nofollow noopener noreferrer\" data-shared=\"\" class=\"share-print sd-button\" href=\"http:\/\/www.emslandkicker.de\/?page_id=760\" target=\"_blank\" title=\"Klicken zum Ausdrucken\" ><span>Drucken<\/span><\/a><\/li><li class=\"share-end\"><\/li><\/ul><\/div><\/div><\/div>","protected":false},"excerpt":{"rendered":"<p>Bezirksklasse Mitte 1970-71 Pl. Verein Sp Tore Diff. Pkt. 1. TuS Lingen 30 83 : 28 55 51 : 9 2. Conc. Belm-P. 30 77 : 36 41 44 : 16 3. FC Leschede 30 66 : 45 21 37 : 23 4. ASV Altenlingen 30 49 : 42 7 35 : 25 5. Union [&hellip;]<\/p>\n<div class=\"sharedaddy sd-sharing-enabled\"><div class=\"robots-nocontent sd-block sd-social sd-social-official sd-sharing\"><h3 class=\"sd-title\">Teilen mit:<\/h3><div class=\"sd-content\"><ul><li class=\"share-facebook\"><div class=\"fb-share-button\" data-href=\"http:\/\/www.emslandkicker.de\/?page_id=760\" data-layout=\"button_count\"><\/div><\/li><li class=\"share-twitter\"><a href=\"https:\/\/twitter.com\/share\" class=\"twitter-share-button\" data-url=\"http:\/\/www.emslandkicker.de\/?page_id=760\" data-text=\"Tabelle Bezirksklasse Mitte 1970-71\" data-via=\"Emslandkicker\" >Tweet<\/a><\/li><li class=\"share-email\"><a rel=\"nofollow noopener noreferrer\" data-shared=\"\" class=\"share-email sd-button\" href=\"mailto:?subject=%5BGeteilter%20Beitrag%5D%20Tabelle%20Bezirksklasse%20Mitte%201970-71&body=http%3A%2F%2Fwww.emslandkicker.de%2F%3Fpage_id%3D760&share=email\" target=\"_blank\" title=\"Click to email a link to a friend\" data-email-share-error-title=\"Do you have email set up?\" data-email-share-error-text=\"If you&#039;re having problems sharing via email, you might not have email set up for your browser. You may need to create a new email yourself.\" data-email-share-nonce=\"713d716c8c\" data-email-share-track-url=\"http:\/\/www.emslandkicker.de\/?page_id=760&amp;share=email\"><span>E-Mail<\/span><\/a><\/li><li class=\"share-print\"><a rel=\"nofollow noopener noreferrer\" data-shared=\"\" class=\"share-print sd-button\" href=\"http:\/\/www.emslandkicker.de\/?page_id=760\" target=\"_blank\" title=\"Klicken zum Ausdrucken\" ><span>Drucken<\/span><\/a><\/li><li class=\"share-end\"><\/li><\/ul><\/div><\/div><\/div>","protected":false},"author":1,"featured_media":203,"parent":614,"menu_order":45,"comment_status":"open","ping_status":"open","template":"","meta":{"footnotes":""},"class_list":["post-760","page","type-page","status-publish","has-post-thumbnail","hentry"],"jetpack_sharing_enabled":true,"jetpack_shortlink":"https:\/\/wp.me\/P5etIj-cg","jetpack-related-posts":[{"id":757,"url":"http:\/\/www.emslandkicker.de\/?page_id=757","url_meta":{"origin":760,"position":0},"title":"Tabelle Bezirksklasse Nord 1970-71","date":"25. November 2014","format":false,"excerpt":"Bezirksklasse Nord 1970-71 Pl. Verein Sp Tore Diff. Pkt. 1. Union Emlichheim 30 61 : 40 21 42 : 18 2. SF Schwefingen 30 65 : 45 20 39 : 21 3. VfL Nordhorn 30 73 : 54 19 38 : 22 4. Union Meppen 30 61 : 44 17\u2026","rel":"","context":"Similar post","img":{"alt_text":"","src":"","width":0,"height":0},"classes":[]},{"id":614,"url":"http:\/\/www.emslandkicker.de\/?page_id=614","url_meta":{"origin":760,"position":1},"title":"Meister Bezirksklasse seit 1949-50","date":"13. November 2014","format":false,"excerpt":"Saison Bezirksklasse EL Tab. 1949-50 Hasel\u00fcnner SV 1950-51 TuS Lingen 1951-52 SV Dalum 1952-53 Hasel\u00fcnner SV 1953-54 TuS Lingen 1954-55 Union Meppen 1955-56 1956-57 SV Meppen 1957-58 1958-59 1959-60 Conc. Emsb\u00fcrren 1960-61 1961-62 Alem. Salzbergen 1962-63 Eintr. Nordhorn 2 1963-64 Amisia Papenburg 1964-65 SF Schwefingen 1965-66 Union Meppen 1966-67 Sparta\u2026","rel":"","context":"Similar post","img":{"alt_text":"","src":"","width":0,"height":0},"classes":[]},{"id":882,"url":"http:\/\/www.emslandkicker.de\/?page_id=882","url_meta":{"origin":760,"position":2},"title":"SV Dalum &#8211; Ligachronik","date":"3. Dezember 2014","format":false,"excerpt":"Verein Saison Liga Platz Tab. Info SV Dalum 1950-51 Kreisliga 3. SV Dalum 1951-52 Kreisliga 1. SV Dalum 1952-53 Bezirksklasse 6. SV Dalum 1953-54 Bezirksklasse 11. SV Dalum 1954-55 Bezirksklasse 5. SV Dalum 1955-56 Bezirksklasse 7. SV Dalum 1956-57 Bezirksklasse 10. SV Dalum 1957-58 Bezirksklasse 15. SV Dalum 1958-59 1.\u2026","rel":"","context":"Similar post","img":{"alt_text":"","src":"","width":0,"height":0},"classes":[]},{"id":747,"url":"http:\/\/www.emslandkicker.de\/?page_id=747","url_meta":{"origin":760,"position":3},"title":"Tabelle Bezirksklasse EL 1950-51","date":"24. November 2014","format":false,"excerpt":"Bezirksklasse EL 1950-51 Pl. Verein Sp Tore Diff. Pkt. 1. TuS Lingen 26 96 : 33 63 41 : 11 2. Union Meppen 26 75 : 47 28 38 : 14 3. Germ. Papenburg 26 71 : 43 28 38 : 14 4. Amisia Papenburg 26 71 : 27 44\u2026","rel":"","context":"Similar post","img":{"alt_text":"","src":"","width":0,"height":0},"classes":[]},{"id":821,"url":"http:\/\/www.emslandkicker.de\/?page_id=821","url_meta":{"origin":760,"position":4},"title":"Hasel\u00fcnner SV &#8211; Ligachronik","date":"28. November 2014","format":false,"excerpt":"Verein Saison Liga Platz Tab. Info Hasel\u00fcnner SV 1949-50 Bezirksklasse EL 1. \u00a0 Hasel\u00fcnner SV 1950-51 Amateurliga 2 11. \u00a0 Hasel\u00fcnner SV 1951-52 Amateurliga 2 10. \u00a0 \u00a0 Hasel\u00fcnner SV 1952-53 Bezirksklasse EL 1. Hasel\u00fcnner SV 1953-54 Amateurliga 2 4. \u00a0 \u00a0 Hasel\u00fcnner SV 1954-55 Amateurliga 2 10. \u00a0 Hasel\u00fcnner\u2026","rel":"","context":"Similar post","img":{"alt_text":"","src":"","width":0,"height":0},"classes":[]},{"id":788,"url":"http:\/\/www.emslandkicker.de\/?page_id=788","url_meta":{"origin":760,"position":5},"title":"Tabelle Bezirksklasse EL 1965-66","date":"25. November 2014","format":false,"excerpt":"Bezirksklasse EL 1965-66 Pl. Verein Sp S U N Tore Diff. Pkt. 1. Union Meppen 30 21 4 5 100 : 41 59 46 : 14 2. SV Holte 30 17 5 8 71 : 59 12 39 : 21 3. SuS Rhede 30 16 4 10 74 : 51\u2026","rel":"","context":"Similar post","img":{"alt_text":"","src":"","width":0,"height":0},"classes":[]}],"jetpack_likes_enabled":true,"_links":{"self":[{"href":"http:\/\/www.emslandkicker.de\/index.php?rest_route=\/wp\/v2\/pages\/760","targetHints":{"allow":["GET"]}}],"collection":[{"href":"http:\/\/www.emslandkicker.de\/index.php?rest_route=\/wp\/v2\/pages"}],"about":[{"href":"http:\/\/www.emslandkicker.de\/index.php?rest_route=\/wp\/v2\/types\/page"}],"author":[{"embeddable":true,"href":"http:\/\/www.emslandkicker.de\/index.php?rest_route=\/wp\/v2\/users\/1"}],"replies":[{"embeddable":true,"href":"http:\/\/www.emslandkicker.de\/index.php?rest_route=%2Fwp%2Fv2%2Fcomments&post=760"}],"version-history":[{"count":0,"href":"http:\/\/www.emslandkicker.de\/index.php?rest_route=\/wp\/v2\/pages\/760\/revisions"}],"up":[{"embeddable":true,"href":"http:\/\/www.emslandkicker.de\/index.php?rest_route=\/wp\/v2\/pages\/614"}],"wp:featuredmedia":[{"embeddable":true,"href":"http:\/\/www.emslandkicker.de\/index.php?rest_route=\/wp\/v2\/media\/203"}],"wp:attachment":[{"href":"http:\/\/www.emslandkicker.de\/index.php?rest_route=%2Fwp%2Fv2%2Fmedia&parent=760"}],"curies":[{"name":"wp","href":"https:\/\/api.w.org\/{rel}","templated":true}]}}