{"id":812,"date":"2014-11-28T14:33:16","date_gmt":"2014-11-28T12:33:16","guid":{"rendered":"http:\/\/www.emslandkicker.de\/?page_id=812"},"modified":"2014-11-28T14:51:54","modified_gmt":"2014-11-28T12:51:54","slug":"tabelle-1-kreisklass-el-mitte-1972-73","status":"publish","type":"page","link":"http:\/\/www.emslandkicker.de\/?page_id=812","title":{"rendered":"Tabelle 1. Kreisklasse Mitte 1972-73"},"content":{"rendered":"<div class=\"pdfprnt-buttons pdfprnt-buttons-page pdfprnt-top-right\"><a href=\"http:\/\/www.emslandkicker.de\/index.php?rest_route=%2Fwp%2Fv2%2Fpages%2F812&print=pdf\" class=\"pdfprnt-button pdfprnt-button-pdf\" target=\"_blank\"><img decoding=\"async\" src=\"https:\/\/i0.wp.com\/www.emslandkicker.de\/wp-content\/plugins\/pdf-print\/images\/pdf.png?w=610\" alt=\"image_pdf\" title=\"View PDF\" data-recalc-dims=\"1\" \/><\/a><a href=\"http:\/\/www.emslandkicker.de\/index.php?rest_route=%2Fwp%2Fv2%2Fpages%2F812&print=print\" class=\"pdfprnt-button pdfprnt-button-print\" target=\"_blank\"><img decoding=\"async\" src=\"https:\/\/i0.wp.com\/www.emslandkicker.de\/wp-content\/plugins\/pdf-print\/images\/print.png?w=610\" alt=\"image_print\" title=\"Print Content\" data-recalc-dims=\"1\" \/><\/a><\/div><table width=\"100%\" cellspacing=\"5\" cellpadding=\"0\">\n<tbody>\n<tr>\n<td colspan=\"13\"><strong>1. Kreisklasse Mitte 1972-73 &#8211; Die Tabelle ist leider unvollst\u00e4ndig&#8230;<br \/>\n<\/strong><\/td>\n<\/tr>\n<tr>\n<td bgcolor=\"#CCCCCC\"><strong>Pl.<\/strong><\/td>\n<td bgcolor=\"#CCCCCC\"><strong>Verein<\/strong><\/td>\n<td bgcolor=\"#CCCCCC\"><strong>Sp<\/strong><\/td>\n<td bgcolor=\"#CCCCCC\"><\/td>\n<td bgcolor=\"#CCCCCC\"><\/td>\n<td bgcolor=\"#CCCCCC\"><\/td>\n<td colspan=\"3\" bgcolor=\"#CCCCCC\"><strong>Tore<\/strong><\/td>\n<td bgcolor=\"#CCCCCC\"><strong>Diff<\/strong><\/td>\n<td colspan=\"3\" bgcolor=\"#CCCCCC\"><strong>Pkt.<\/strong><\/td>\n<\/tr>\n<tr>\n<td bgcolor=\"#66ff33\">1.<\/td>\n<td bgcolor=\"#66ff33\">Conc. Sch\u00f6ninghsdorf<\/td>\n<td bgcolor=\"#66ff33\">27<\/td>\n<td bgcolor=\"#66ff33\">19<\/td>\n<td bgcolor=\"#66ff33\">5<\/td>\n<td bgcolor=\"#66ff33\">3<\/td>\n<td align=\"right\" bgcolor=\"#66ff33\">73<\/td>\n<td bgcolor=\"#66ff33\">:<\/td>\n<td align=\"right\" bgcolor=\"#66ff33\">25<\/td>\n<td align=\"right\" bgcolor=\"#66ff33\">48<\/td>\n<td align=\"right\" bgcolor=\"#66ff33\">43<\/td>\n<td bgcolor=\"#66ff33\">:<\/td>\n<td align=\"right\" bgcolor=\"#66ff33\">11<\/td>\n<\/tr>\n<tr>\n<td>2.<\/td>\n<td>Spvg. Ahmsen-V.<\/td>\n<td>24<\/td>\n<td>16<\/td>\n<td>3<\/td>\n<td>5<\/td>\n<td align=\"right\">69<\/td>\n<td>:<\/td>\n<td align=\"right\">29<\/td>\n<td align=\"right\">40<\/td>\n<td align=\"right\">35<\/td>\n<td>:<\/td>\n<td align=\"right\">13<\/td>\n<\/tr>\n<tr>\n<td>3.<\/td>\n<td>VfL Emslage<\/td>\n<td>27<\/td>\n<td>13<\/td>\n<td>9<\/td>\n<td>5<\/td>\n<td align=\"right\">59<\/td>\n<td>:<\/td>\n<td align=\"right\">28<\/td>\n<td align=\"right\">31<\/td>\n<td align=\"right\">35<\/td>\n<td>:<\/td>\n<td align=\"right\">19<\/td>\n<\/tr>\n<tr>\n<td>4.<\/td>\n<td>VfL Herzlake 2<\/td>\n<td>25<\/td>\n<td>12<\/td>\n<td>9<\/td>\n<td>4<\/td>\n<td align=\"right\">47<\/td>\n<td>:<\/td>\n<td align=\"right\">28<\/td>\n<td align=\"right\">19<\/td>\n<td align=\"right\">33<\/td>\n<td>:<\/td>\n<td align=\"right\">17<\/td>\n<\/tr>\n<tr>\n<td>5.<\/td>\n<td>TuS Haren<\/td>\n<td>27<\/td>\n<td>12<\/td>\n<td>7<\/td>\n<td>9<\/td>\n<td align=\"right\">50<\/td>\n<td>:<\/td>\n<td align=\"right\">63<\/td>\n<td align=\"right\">-13<\/td>\n<td align=\"right\">31<\/td>\n<td>:<\/td>\n<td align=\"right\">23<\/td>\n<\/tr>\n<tr>\n<td>6.<\/td>\n<td>SC Osterbrock<\/td>\n<td>26<\/td>\n<td>10<\/td>\n<td>10<\/td>\n<td>6<\/td>\n<td align=\"right\">36<\/td>\n<td>:<\/td>\n<td align=\"right\">31<\/td>\n<td align=\"right\">5<\/td>\n<td align=\"right\">30<\/td>\n<td>:<\/td>\n<td align=\"right\">22<\/td>\n<\/tr>\n<tr>\n<td>7.<\/td>\n<td>SV Teglingen<\/td>\n<td>27<\/td>\n<td>11<\/td>\n<td>8<\/td>\n<td>8<\/td>\n<td align=\"right\">60<\/td>\n<td>:<\/td>\n<td align=\"right\">53<\/td>\n<td align=\"right\">7<\/td>\n<td align=\"right\">30<\/td>\n<td>:<\/td>\n<td align=\"right\">24<\/td>\n<\/tr>\n<tr>\n<td>8.<\/td>\n<td>SV Dalum<\/td>\n<td>25<\/td>\n<td>11<\/td>\n<td>4<\/td>\n<td>10<\/td>\n<td align=\"right\">51<\/td>\n<td>:<\/td>\n<td align=\"right\">45<\/td>\n<td align=\"right\">6<\/td>\n<td align=\"right\">26<\/td>\n<td>:<\/td>\n<td align=\"right\">24<\/td>\n<\/tr>\n<tr>\n<td>9.<\/td>\n<td>SV Holte<\/td>\n<td>27<\/td>\n<td>7<\/td>\n<td>11<\/td>\n<td>9<\/td>\n<td align=\"right\">45<\/td>\n<td>:<\/td>\n<td align=\"right\">49<\/td>\n<td align=\"right\">-4<\/td>\n<td align=\"right\">25<\/td>\n<td>:<\/td>\n<td align=\"right\">29<\/td>\n<\/tr>\n<tr>\n<td>10.<\/td>\n<td>Eintr. Emmeln<\/td>\n<td>27<\/td>\n<td>10<\/td>\n<td>4<\/td>\n<td>13<\/td>\n<td align=\"right\">40<\/td>\n<td>:<\/td>\n<td align=\"right\">58<\/td>\n<td align=\"right\">-18<\/td>\n<td align=\"right\">24<\/td>\n<td>:<\/td>\n<td align=\"right\">30<\/td>\n<\/tr>\n<tr>\n<td>11.<\/td>\n<td>VfL R\u00fctenbrock 2<\/td>\n<td>27<\/td>\n<td>8<\/td>\n<td>6<\/td>\n<td>13<\/td>\n<td align=\"right\">44<\/td>\n<td>:<\/td>\n<td align=\"right\">69<\/td>\n<td align=\"right\">-25<\/td>\n<td align=\"right\">22<\/td>\n<td>:<\/td>\n<td align=\"right\">32<\/td>\n<\/tr>\n<tr>\n<td>12.<\/td>\n<td>SG L\u00e4hden<\/td>\n<td>26<\/td>\n<td>7<\/td>\n<td>5<\/td>\n<td>14<\/td>\n<td align=\"right\">37<\/td>\n<td>:<\/td>\n<td align=\"right\">51<\/td>\n<td align=\"right\">-14<\/td>\n<td align=\"right\">19<\/td>\n<td>:<\/td>\n<td align=\"right\">33<\/td>\n<\/tr>\n<tr>\n<td><\/td>\n<td>SV Dohren<\/td>\n<td><\/td>\n<td><\/td>\n<td><\/td>\n<td><\/td>\n<td><\/td>\n<td><\/td>\n<td><\/td>\n<td><\/td>\n<td><\/td>\n<td><\/td>\n<td><\/td>\n<\/tr>\n<tr>\n<td><\/td>\n<td>Eintr. Ber\u00dfen<\/td>\n<td><\/td>\n<td><\/td>\n<td><\/td>\n<td><\/td>\n<td><\/td>\n<td><\/td>\n<td><\/td>\n<td><\/td>\n<td><\/td>\n<td><\/td>\n<td><\/td>\n<\/tr>\n<tr>\n<td><\/td>\n<td>GW Lehrte<\/td>\n<td><\/td>\n<td><\/td>\n<td><\/td>\n<td><\/td>\n<td><\/td>\n<td><\/td>\n<td><\/td>\n<td><\/td>\n<td><\/td>\n<td><\/td>\n<td><\/td>\n<\/tr>\n<tr>\n<td bgcolor=\"#ff9999\">16.<\/td>\n<td bgcolor=\"#ff9999\">SV Meppen 3<\/td>\n<td bgcolor=\"#ff9999\"><\/td>\n<td bgcolor=\"#ff9999\"><\/td>\n<td bgcolor=\"#ff9999\"><\/td>\n<td bgcolor=\"#ff9999\"><\/td>\n<td bgcolor=\"#ff9999\"><\/td>\n<td bgcolor=\"#ff9999\"><\/td>\n<td bgcolor=\"#ff9999\"><\/td>\n<td bgcolor=\"#ff9999\"><\/td>\n<td bgcolor=\"#ff9999\"><\/td>\n<td bgcolor=\"#ff9999\"><\/td>\n<td bgcolor=\"#ff9999\"><\/td>\n<\/tr>\n<\/tbody>\n<\/table>\n<div class=\"sharedaddy sd-sharing-enabled\"><div class=\"robots-nocontent sd-block sd-social sd-social-official sd-sharing\"><h3 class=\"sd-title\">Teilen mit:<\/h3><div class=\"sd-content\"><ul><li class=\"share-facebook\"><div class=\"fb-share-button\" data-href=\"http:\/\/www.emslandkicker.de\/?page_id=812\" data-layout=\"button_count\"><\/div><\/li><li class=\"share-twitter\"><a href=\"https:\/\/twitter.com\/share\" class=\"twitter-share-button\" data-url=\"http:\/\/www.emslandkicker.de\/?page_id=812\" data-text=\"Tabelle 1. Kreisklasse Mitte 1972-73\" data-via=\"Emslandkicker\" >Tweet<\/a><\/li><li class=\"share-email\"><a rel=\"nofollow noopener noreferrer\" data-shared=\"\" class=\"share-email sd-button\" href=\"mailto:?subject=%5BGeteilter%20Beitrag%5D%20Tabelle%201.%20Kreisklasse%20Mitte%201972-73&body=http%3A%2F%2Fwww.emslandkicker.de%2F%3Fpage_id%3D812&share=email\" target=\"_blank\" title=\"Click to email a link to a friend\" data-email-share-error-title=\"Do you have email set up?\" data-email-share-error-text=\"If you&#039;re having problems sharing via email, you might not have email set up for your browser. You may need to create a new email yourself.\" data-email-share-nonce=\"d352357ed2\" data-email-share-track-url=\"http:\/\/www.emslandkicker.de\/?page_id=812&amp;share=email\"><span>E-Mail<\/span><\/a><\/li><li class=\"share-print\"><a rel=\"nofollow noopener noreferrer\" data-shared=\"\" class=\"share-print sd-button\" href=\"http:\/\/www.emslandkicker.de\/?page_id=812\" target=\"_blank\" title=\"Klicken zum Ausdrucken\" ><span>Drucken<\/span><\/a><\/li><li class=\"share-end\"><\/li><\/ul><\/div><\/div><\/div>","protected":false},"excerpt":{"rendered":"<p>1. Kreisklasse Mitte 1972-73 &#8211; Die Tabelle ist leider unvollst\u00e4ndig&#8230; Pl. Verein Sp Tore Diff Pkt. 1. Conc. Sch\u00f6ninghsdorf 27 19 5 3 73 : 25 48 43 : 11 2. Spvg. Ahmsen-V. 24 16 3 5 69 : 29 40 35 : 13 3. VfL Emslage 27 13 9 5 59 : 28 31 [&hellip;]<\/p>\n<div class=\"sharedaddy sd-sharing-enabled\"><div class=\"robots-nocontent sd-block sd-social sd-social-official sd-sharing\"><h3 class=\"sd-title\">Teilen mit:<\/h3><div class=\"sd-content\"><ul><li class=\"share-facebook\"><div class=\"fb-share-button\" data-href=\"http:\/\/www.emslandkicker.de\/?page_id=812\" data-layout=\"button_count\"><\/div><\/li><li class=\"share-twitter\"><a href=\"https:\/\/twitter.com\/share\" class=\"twitter-share-button\" data-url=\"http:\/\/www.emslandkicker.de\/?page_id=812\" data-text=\"Tabelle 1. Kreisklasse Mitte 1972-73\" data-via=\"Emslandkicker\" >Tweet<\/a><\/li><li class=\"share-email\"><a rel=\"nofollow noopener noreferrer\" data-shared=\"\" class=\"share-email sd-button\" href=\"mailto:?subject=%5BGeteilter%20Beitrag%5D%20Tabelle%201.%20Kreisklasse%20Mitte%201972-73&body=http%3A%2F%2Fwww.emslandkicker.de%2F%3Fpage_id%3D812&share=email\" target=\"_blank\" title=\"Click to email a link to a friend\" data-email-share-error-title=\"Do you have email set up?\" data-email-share-error-text=\"If you&#039;re having problems sharing via email, you might not have email set up for your browser. You may need to create a new email yourself.\" data-email-share-nonce=\"d352357ed2\" data-email-share-track-url=\"http:\/\/www.emslandkicker.de\/?page_id=812&amp;share=email\"><span>E-Mail<\/span><\/a><\/li><li class=\"share-print\"><a rel=\"nofollow noopener noreferrer\" data-shared=\"\" class=\"share-print sd-button\" href=\"http:\/\/www.emslandkicker.de\/?page_id=812\" target=\"_blank\" title=\"Klicken zum Ausdrucken\" ><span>Drucken<\/span><\/a><\/li><li class=\"share-end\"><\/li><\/ul><\/div><\/div><\/div>","protected":false},"author":1,"featured_media":203,"parent":592,"menu_order":16,"comment_status":"open","ping_status":"open","template":"","meta":{"footnotes":""},"class_list":["post-812","page","type-page","status-publish","has-post-thumbnail","hentry"],"jetpack_sharing_enabled":true,"jetpack_shortlink":"https:\/\/wp.me\/P5etIj-d6","jetpack-related-posts":[{"id":560,"url":"http:\/\/www.emslandkicker.de\/?page_id=560","url_meta":{"origin":812,"position":0},"title":"Tabelle 3. Kreisklasse Meppen Ost 1972-73","date":"11. November 2014","format":false,"excerpt":"3. Kreisklasse Meppen Ost 1972-73 Pl. Verein Sp S U N Tore Diff Pkt. 1. VfL Herzlake 3 24 19 3 2 79 : 31 48 41 : 7 2. Spvg. H\u00fclsen-W. 24 16 4 4 73 : 33 40 36 : 12 3. SV Flechum 24 16 2 6\u2026","rel":"","context":"Similar post","img":{"alt_text":"","src":"","width":0,"height":0},"classes":[]},{"id":592,"url":"http:\/\/www.emslandkicker.de\/?page_id=592","url_meta":{"origin":812,"position":1},"title":"Meister 1. Kreisklasse bis 1995","date":"12. November 2014","format":false,"excerpt":"1.KK 1968-69 Tab. Info Nord Mitte VfL Herzlake S\u00fcd 1.KK 1969-70 Tab. Info Nord Mitte Germ. Twist S\u00fcd 1.KK 1970-71 Tab. Info Nord Mitte Grenzl. Twist S\u00fcd 1.KK 1971-72 Tab. Info Nord Mitte FC Wesuwe S\u00fcd 1.KK 1972-73 Tab. Info Nord Mitte Conc Sch\u00f6ninghsdorf S\u00fcd 1.KK 1973-74 Tab. Info Nord\u2026","rel":"","context":"Similar post","img":{"alt_text":"","src":"","width":0,"height":0},"classes":[]},{"id":815,"url":"http:\/\/www.emslandkicker.de\/?page_id=815","url_meta":{"origin":812,"position":2},"title":"Tabelle 1. Kreisklasse Mitte 1975-76","date":"28. November 2014","format":false,"excerpt":"1. Kreisklasse Mitte 1975-76 Pl. Verein Sp Tore Diff Pkt. 1. FC Wesuwe 32 99 : 33 66 52 : 12 2. VfL Emslage 32 63 : 28 35 43 : 21 3. Germ. Twist 32 59 : 47 12 42 : 22 4. SV Dalum 32 72 : 41\u2026","rel":"","context":"Similar post","img":{"alt_text":"","src":"","width":0,"height":0},"classes":[]},{"id":882,"url":"http:\/\/www.emslandkicker.de\/?page_id=882","url_meta":{"origin":812,"position":3},"title":"SV Dalum &#8211; Ligachronik","date":"3. Dezember 2014","format":false,"excerpt":"Verein Saison Liga Platz Tab. Info SV Dalum 1950-51 Kreisliga 3. SV Dalum 1951-52 Kreisliga 1. SV Dalum 1952-53 Bezirksklasse 6. SV Dalum 1953-54 Bezirksklasse 11. SV Dalum 1954-55 Bezirksklasse 5. SV Dalum 1955-56 Bezirksklasse 7. SV Dalum 1956-57 Bezirksklasse 10. SV Dalum 1957-58 Bezirksklasse 15. SV Dalum 1958-59 1.\u2026","rel":"","context":"Similar post","img":{"alt_text":"","src":"","width":0,"height":0},"classes":[]},{"id":450,"url":"http:\/\/www.emslandkicker.de\/?page_id=450","url_meta":{"origin":812,"position":4},"title":"Tabelle 3. Kreisklasse 1963-64","date":"7. November 2014","format":false,"excerpt":"3. Kreisklasse Meppen Ost 1963-64 Pl. Verein Sp S U N Tore Diff Pkt. 1. SV Wachtum 18 15 1 2 71 : 32 39 31 : 5 2. SF Schwefingen 2 18 12 1 5 103 43 60 25 11 3. Eintr. Ber\u00dfen 2 18 11 3 4 62\u2026","rel":"","context":"Similar post","img":{"alt_text":"","src":"","width":0,"height":0},"classes":[]},{"id":445,"url":"http:\/\/www.emslandkicker.de\/?page_id=445","url_meta":{"origin":812,"position":5},"title":"Tabellen 2. Kreisklassen 1960-61","date":"7. November 2014","format":false,"excerpt":"2. Kreisklasse Meppen Ost 1960-61 Pl. Verein Tore Diff Pkt. 1. SV Stavern * 71 : 19 52 35 : 5 2. SV Dohren 56 : 47 9 35 : 6 3. SV Wachtum 59 : 67 -8 28 : 12 4. Conc.\u00a0Schleper 27 69 -42 21 19 5. SV\u2026","rel":"","context":"Similar post","img":{"alt_text":"","src":"","width":0,"height":0},"classes":[]}],"jetpack_likes_enabled":true,"_links":{"self":[{"href":"http:\/\/www.emslandkicker.de\/index.php?rest_route=\/wp\/v2\/pages\/812","targetHints":{"allow":["GET"]}}],"collection":[{"href":"http:\/\/www.emslandkicker.de\/index.php?rest_route=\/wp\/v2\/pages"}],"about":[{"href":"http:\/\/www.emslandkicker.de\/index.php?rest_route=\/wp\/v2\/types\/page"}],"author":[{"embeddable":true,"href":"http:\/\/www.emslandkicker.de\/index.php?rest_route=\/wp\/v2\/users\/1"}],"replies":[{"embeddable":true,"href":"http:\/\/www.emslandkicker.de\/index.php?rest_route=%2Fwp%2Fv2%2Fcomments&post=812"}],"version-history":[{"count":0,"href":"http:\/\/www.emslandkicker.de\/index.php?rest_route=\/wp\/v2\/pages\/812\/revisions"}],"up":[{"embeddable":true,"href":"http:\/\/www.emslandkicker.de\/index.php?rest_route=\/wp\/v2\/pages\/592"}],"wp:featuredmedia":[{"embeddable":true,"href":"http:\/\/www.emslandkicker.de\/index.php?rest_route=\/wp\/v2\/media\/203"}],"wp:attachment":[{"href":"http:\/\/www.emslandkicker.de\/index.php?rest_route=%2Fwp%2Fv2%2Fmedia&parent=812"}],"curies":[{"name":"wp","href":"https:\/\/api.w.org\/{rel}","templated":true}]}}