{"id":905,"date":"2014-12-05T11:35:57","date_gmt":"2014-12-05T09:35:57","guid":{"rendered":"http:\/\/www.emslandkicker.de\/?page_id=905"},"modified":"2014-12-05T12:45:41","modified_gmt":"2014-12-05T10:45:41","slug":"haseluenner-sv-1952-53","status":"publish","type":"page","link":"http:\/\/www.emslandkicker.de\/?page_id=905","title":{"rendered":"Hasel\u00fcnner SV 1952-53"},"content":{"rendered":"<div class=\"pdfprnt-buttons pdfprnt-buttons-page pdfprnt-top-right\"><a href=\"http:\/\/www.emslandkicker.de\/index.php?rest_route=%2Fwp%2Fv2%2Fpages%2F905&print=pdf\" class=\"pdfprnt-button pdfprnt-button-pdf\" target=\"_blank\"><img decoding=\"async\" src=\"https:\/\/i0.wp.com\/www.emslandkicker.de\/wp-content\/plugins\/pdf-print\/images\/pdf.png?w=610\" alt=\"image_pdf\" title=\"View PDF\" data-recalc-dims=\"1\" \/><\/a><a href=\"http:\/\/www.emslandkicker.de\/index.php?rest_route=%2Fwp%2Fv2%2Fpages%2F905&print=print\" class=\"pdfprnt-button pdfprnt-button-print\" target=\"_blank\"><img decoding=\"async\" src=\"https:\/\/i0.wp.com\/www.emslandkicker.de\/wp-content\/plugins\/pdf-print\/images\/print.png?w=610\" alt=\"image_print\" title=\"Print Content\" data-recalc-dims=\"1\" \/><\/a><\/div><div align=\"center\"><a title=\"Emslandkicker\" href=\"http:\/\/www.emslandkicker.de\/?page_id=675\"><img decoding=\"async\" src=\"https:\/\/i0.wp.com\/www.emslandkicker.de\/wp-content\/uploads\/nostalgie\/vl\/ek-hsv.jpg?w=610\" alt=\"Emslandkicker\" data-recalc-dims=\"1\" \/><\/a><\/div>\n<h2><strong>Hasel\u00fcnner SV 1952-53<\/strong><\/h2>\n<h3><strong>Mannschaftskader<\/strong><\/h3>\n<p>H. T\u00f6ller, C. Meyer, Josef Eick, K. Stelzner, H. Baldauf, Heinz Thelen, H. T\u00f6ller, B. Esders, Franz Schulte, Martin Strodtk\u00f6tter, Hermann Grabbe<\/p>\n<p><strong>Trainer:<\/strong> Seuring<\/p>\n<p><strong>Verantwortliche:<\/strong> H. Plochg, Carl-Wilhelm Vehmeyer, Otto Eller<\/p>\n<div class=\"sharedaddy sd-sharing-enabled\"><div class=\"robots-nocontent sd-block sd-social sd-social-official sd-sharing\"><h3 class=\"sd-title\">Teilen mit:<\/h3><div class=\"sd-content\"><ul><li class=\"share-facebook\"><div class=\"fb-share-button\" data-href=\"http:\/\/www.emslandkicker.de\/?page_id=905\" data-layout=\"button_count\"><\/div><\/li><li class=\"share-twitter\"><a href=\"https:\/\/twitter.com\/share\" class=\"twitter-share-button\" data-url=\"http:\/\/www.emslandkicker.de\/?page_id=905\" data-text=\"Hasel\u00fcnner SV 1952-53\" data-via=\"Emslandkicker\" >Tweet<\/a><\/li><li class=\"share-email\"><a rel=\"nofollow noopener noreferrer\" data-shared=\"\" class=\"share-email sd-button\" href=\"mailto:?subject=%5BGeteilter%20Beitrag%5D%20Hasel%C3%BCnner%20SV%201952-53&body=http%3A%2F%2Fwww.emslandkicker.de%2F%3Fpage_id%3D905&share=email\" target=\"_blank\" title=\"Click to email a link to a friend\" data-email-share-error-title=\"Do you have email set up?\" data-email-share-error-text=\"If you&#039;re having problems sharing via email, you might not have email set up for your browser. You may need to create a new email yourself.\" data-email-share-nonce=\"0de533b773\" data-email-share-track-url=\"http:\/\/www.emslandkicker.de\/?page_id=905&amp;share=email\"><span>E-Mail<\/span><\/a><\/li><li class=\"share-print\"><a rel=\"nofollow noopener noreferrer\" data-shared=\"\" class=\"share-print sd-button\" href=\"http:\/\/www.emslandkicker.de\/?page_id=905\" target=\"_blank\" title=\"Klicken zum Ausdrucken\" ><span>Drucken<\/span><\/a><\/li><li class=\"share-end\"><\/li><\/ul><\/div><\/div><\/div>","protected":false},"excerpt":{"rendered":"<p>Hasel\u00fcnner SV 1952-53 Mannschaftskader H. T\u00f6ller, C. Meyer, Josef Eick, K. Stelzner, H. Baldauf, Heinz Thelen, H. T\u00f6ller, B. Esders, Franz Schulte, Martin Strodtk\u00f6tter, Hermann Grabbe Trainer: Seuring Verantwortliche: H. Plochg, Carl-Wilhelm Vehmeyer, Otto Eller<\/p>\n<div class=\"sharedaddy sd-sharing-enabled\"><div class=\"robots-nocontent sd-block sd-social sd-social-official sd-sharing\"><h3 class=\"sd-title\">Teilen mit:<\/h3><div class=\"sd-content\"><ul><li class=\"share-facebook\"><div class=\"fb-share-button\" data-href=\"http:\/\/www.emslandkicker.de\/?page_id=905\" data-layout=\"button_count\"><\/div><\/li><li class=\"share-twitter\"><a href=\"https:\/\/twitter.com\/share\" class=\"twitter-share-button\" data-url=\"http:\/\/www.emslandkicker.de\/?page_id=905\" data-text=\"Hasel\u00fcnner SV 1952-53\" data-via=\"Emslandkicker\" >Tweet<\/a><\/li><li class=\"share-email\"><a rel=\"nofollow noopener noreferrer\" data-shared=\"\" class=\"share-email sd-button\" href=\"mailto:?subject=%5BGeteilter%20Beitrag%5D%20Hasel%C3%BCnner%20SV%201952-53&body=http%3A%2F%2Fwww.emslandkicker.de%2F%3Fpage_id%3D905&share=email\" target=\"_blank\" title=\"Click to email a link to a friend\" data-email-share-error-title=\"Do you have email set up?\" data-email-share-error-text=\"If you&#039;re having problems sharing via email, you might not have email set up for your browser. You may need to create a new email yourself.\" data-email-share-nonce=\"0de533b773\" data-email-share-track-url=\"http:\/\/www.emslandkicker.de\/?page_id=905&amp;share=email\"><span>E-Mail<\/span><\/a><\/li><li class=\"share-print\"><a rel=\"nofollow noopener noreferrer\" data-shared=\"\" class=\"share-print sd-button\" href=\"http:\/\/www.emslandkicker.de\/?page_id=905\" target=\"_blank\" title=\"Klicken zum Ausdrucken\" ><span>Drucken<\/span><\/a><\/li><li class=\"share-end\"><\/li><\/ul><\/div><\/div><\/div>","protected":false},"author":1,"featured_media":203,"parent":821,"menu_order":7,"comment_status":"open","ping_status":"open","template":"","meta":{"footnotes":""},"class_list":["post-905","page","type-page","status-publish","has-post-thumbnail","hentry"],"jetpack_sharing_enabled":true,"jetpack_shortlink":"https:\/\/wp.me\/P5etIj-eB","jetpack-related-posts":[{"id":907,"url":"http:\/\/www.emslandkicker.de\/?page_id=907","url_meta":{"origin":905,"position":0},"title":"Hasel\u00fcnner SV 1954-55","date":"5. Dezember 2014","format":false,"excerpt":"Hasel\u00fcnner SV 1954-55 Mannschaftskader Quabena Ohnso, H. Baldauf, H. Temmen, Wilhelm (Johnny) Forsting, Walter (Knalli) Korte, Kurt Zielinski, H. Thelen, H. T\u00f6ller, Helmut Homes, Hermann T\u00f6ller, Rudi Wehlage, Ewald Hermsen Trainer: Franz Strodtk\u00f6tter","rel":"","context":"Similar post","img":{"alt_text":"","src":"","width":0,"height":0},"classes":[]},{"id":821,"url":"http:\/\/www.emslandkicker.de\/?page_id=821","url_meta":{"origin":905,"position":1},"title":"Hasel\u00fcnner SV &#8211; Ligachronik","date":"28. November 2014","format":false,"excerpt":"Verein Saison Liga Platz Tab. Info Hasel\u00fcnner SV 1949-50 Bezirksklasse EL 1. \u00a0 Hasel\u00fcnner SV 1950-51 Amateurliga 2 11. \u00a0 Hasel\u00fcnner SV 1951-52 Amateurliga 2 10. \u00a0 \u00a0 Hasel\u00fcnner SV 1952-53 Bezirksklasse EL 1. Hasel\u00fcnner SV 1953-54 Amateurliga 2 4. \u00a0 \u00a0 Hasel\u00fcnner SV 1954-55 Amateurliga 2 10. \u00a0 Hasel\u00fcnner\u2026","rel":"","context":"Similar post","img":{"alt_text":"","src":"","width":0,"height":0},"classes":[]},{"id":751,"url":"http:\/\/www.emslandkicker.de\/?page_id=751","url_meta":{"origin":905,"position":2},"title":"Tabelle Bezirksklasse EL 1952-53","date":"24. November 2014","format":false,"excerpt":"Bezirksklasse EL 1952-53 Pl. Verein Sp Tore Diff. Pkt. 1. Hasel\u00fcnner SV 32 189 : 37 152 59 : 5 2. Eintr. Nordhorn 2 32 110 : 42 68 50 : 14 3. TuS Lingen 32 107 : 45 62 49 : 15 4. Vorw. Nordhorn 32 101 : 85\u2026","rel":"","context":"Similar post","img":{"alt_text":"","src":"","width":0,"height":0},"classes":[]},{"id":614,"url":"http:\/\/www.emslandkicker.de\/?page_id=614","url_meta":{"origin":905,"position":3},"title":"Meister Bezirksklasse seit 1949-50","date":"13. November 2014","format":false,"excerpt":"Saison Bezirksklasse EL Tab. 1949-50 Hasel\u00fcnner SV 1950-51 TuS Lingen 1951-52 SV Dalum 1952-53 Hasel\u00fcnner SV 1953-54 TuS Lingen 1954-55 Union Meppen 1955-56 1956-57 SV Meppen 1957-58 1958-59 1959-60 Conc. Emsb\u00fcrren 1960-61 1961-62 Alem. Salzbergen 1962-63 Eintr. Nordhorn 2 1963-64 Amisia Papenburg 1964-65 SF Schwefingen 1965-66 Union Meppen 1966-67 Sparta\u2026","rel":"","context":"Similar post","img":{"alt_text":"","src":"","width":0,"height":0},"classes":[]},{"id":903,"url":"http:\/\/www.emslandkicker.de\/?page_id=903","url_meta":{"origin":905,"position":4},"title":"Hasel\u00fcnner SV 1950-51","date":"5. Dezember 2014","format":false,"excerpt":"Hasel\u00fcnner SV 1950-51 Mannschaftskader Kolditz, Franz Schulte, Hans Herbers, Josef Eckholt, Otto Urban, Heinz Thelen, Heinz T\u00f6ller, B. Egbers, Hans T\u00f6ller, Baldauf, E. A. Goldschmidt","rel":"","context":"Similar post","img":{"alt_text":"","src":"","width":0,"height":0},"classes":[]},{"id":909,"url":"http:\/\/www.emslandkicker.de\/?page_id=909","url_meta":{"origin":905,"position":5},"title":"Hasel\u00fcnner SV 1963-64","date":"5. Dezember 2014","format":false,"excerpt":"Hasel\u00fcnner SV 1963-64 Mannschaftskader Heinz Leigers, Helmut (Tarzan) Placke, Wilhelm (Johnny) Forsting, Gerd Keller, Bernd Trenz, Hermann-Josef Schwaack, Albert Schmidt, August M\u00f6hlmann, Hermann Zuchgan, Ludger T\u00f6ller, Erwin Matschulat Trainer: Timmer","rel":"","context":"Similar post","img":{"alt_text":"","src":"","width":0,"height":0},"classes":[]}],"jetpack_likes_enabled":true,"_links":{"self":[{"href":"http:\/\/www.emslandkicker.de\/index.php?rest_route=\/wp\/v2\/pages\/905","targetHints":{"allow":["GET"]}}],"collection":[{"href":"http:\/\/www.emslandkicker.de\/index.php?rest_route=\/wp\/v2\/pages"}],"about":[{"href":"http:\/\/www.emslandkicker.de\/index.php?rest_route=\/wp\/v2\/types\/page"}],"author":[{"embeddable":true,"href":"http:\/\/www.emslandkicker.de\/index.php?rest_route=\/wp\/v2\/users\/1"}],"replies":[{"embeddable":true,"href":"http:\/\/www.emslandkicker.de\/index.php?rest_route=%2Fwp%2Fv2%2Fcomments&post=905"}],"version-history":[{"count":1,"href":"http:\/\/www.emslandkicker.de\/index.php?rest_route=\/wp\/v2\/pages\/905\/revisions"}],"predecessor-version":[{"id":1830,"href":"http:\/\/www.emslandkicker.de\/index.php?rest_route=\/wp\/v2\/pages\/905\/revisions\/1830"}],"up":[{"embeddable":true,"href":"http:\/\/www.emslandkicker.de\/index.php?rest_route=\/wp\/v2\/pages\/821"}],"wp:featuredmedia":[{"embeddable":true,"href":"http:\/\/www.emslandkicker.de\/index.php?rest_route=\/wp\/v2\/media\/203"}],"wp:attachment":[{"href":"http:\/\/www.emslandkicker.de\/index.php?rest_route=%2Fwp%2Fv2%2Fmedia&parent=905"}],"curies":[{"name":"wp","href":"https:\/\/api.w.org\/{rel}","templated":true}]}}